{"id":2519,"date":"2023-06-13T18:39:44","date_gmt":"2023-06-13T21:39:44","guid":{"rendered":"https:\/\/universofamilia.com\/?page_id=2519"},"modified":"2023-06-13T18:39:44","modified_gmt":"2023-06-13T21:39:44","slug":"curiosidades","status":"publish","type":"page","link":"http:\/\/universofamilia.com\/fr\/curiosidades\/","title":{"rendered":"Curiosit\u00e9s"},"content":{"rendered":"<p><a href=\"https:\/\/universofamilia.com\/fr\/4954\/descubriendo-el-embarazo-a-traves-del-telefono\/\"><br \/>\n                                        <img decoding=\"async\" src=\"http:\/\/universofamilia.com\/wp-content\/uploads\/sites\/148\/2024\/01\/P-550x350-3-1.jpg\" alt=\"D\u00e9couvrir la grossesse par t\u00e9l\u00e9phone\"><br \/>\n                                    <\/a><!-- .elementskit-entry-thumb END --><br \/>\n\t\t\t\t\t\t\t\t\t\t\t\t\t\t\t\t\t\t\t\t<a href=\"https:\/\/universofamilia.com\/fr\/author\/universofamlia\/\">R\u00e9daction Universo Fam\u00edlia<\/a><br \/>\n\t\t\t\t\t\t\t\t\t\t\t23 janvier 2024\t\t\t\t\t\t\t\t\t\t<\/p>\n<h2>\n\t\t\t\t\t<a href=\"https:\/\/universofamilia.com\/fr\/4954\/descubriendo-el-embarazo-a-traves-del-telefono\/\"><br \/>\n\t\t\t\t\t\tD\u00e9couvrir la grossesse par t\u00e9l\u00e9phone\t\t\t\t\t<\/a><br \/>\n\t\t\t\t<\/h2>\n<p>\t\t\t                                                                                <!-- .elementskit-entry-header END --><\/p>\n<p>Suite apr\u00e8s la publicit\u00e9. Le chemin vers la maternit\u00e9 commence souvent par un simple d\u00e9sir : savoir si vous \u00eates enceinte.\u2026<\/p>\n<p>                                                                                                                                <!-- .elementskit-post-footer END --><br \/>\n                                                                    <!-- .elementskit-post-body END --><br \/>\n                    <!-- .elementskit-blog-block-post .radius .gradient-bg END --><br \/>\n                                    <a href=\"https:\/\/universofamilia.com\/fr\/4865\/citas-cristianas-para-toda-la-vida\/\"><br \/>\n                                        <img decoding=\"async\" src=\"http:\/\/universofamilia.com\/wp-content\/uploads\/sites\/148\/2024\/01\/P-550x350-3.jpg\" alt=\"Citations chr\u00e9tiennes pour la vie\"><br \/>\n                                    <\/a><!-- .elementskit-entry-thumb END --><br \/>\n\t\t\t\t\t\t\t\t\t\t\t\t\t\t\t\t\t\t\t\t<a href=\"https:\/\/universofamilia.com\/fr\/author\/universofamlia\/\">R\u00e9daction Universo Fam\u00edlia<\/a><br \/>\n\t\t\t\t\t\t\t\t\t\t\t13 janvier 2024\t\t\t\t\t\t\t\t\t\t<\/p>\n<h2>\n\t\t\t\t\t<a href=\"https:\/\/universofamilia.com\/fr\/4865\/citas-cristianas-para-toda-la-vida\/\"><br \/>\n\t\t\t\t\t\tCitations chr\u00e9tiennes pour la vie\t\t\t\t\t<\/a><br \/>\n\t\t\t\t<\/h2>\n<p>\t\t\t                                                                                <!-- .elementskit-entry-header END --><\/p>\n<p>Suite apr\u00e8s la publicit\u00e9\u2026 Le monde contemporain pr\u00e9sente des d\u00e9fis uniques pour les chr\u00e9tiens en qu\u00eate de relations enrichissantes. Dans ce contexte\u2026<\/p>\n<p>                                                                                                                                <!-- .elementskit-post-footer END --><br \/>\n                                                                    <!-- .elementskit-post-body END --><br \/>\n                    <!-- .elementskit-blog-block-post .radius .gradient-bg END --><br \/>\n                                    <a href=\"https:\/\/universofamilia.com\/fr\/4839\/sabes-quien-esta-viendo-tu-perfil\/\"><br \/>\n                                        <img decoding=\"async\" src=\"http:\/\/universofamilia.com\/wp-content\/uploads\/sites\/148\/2024\/01\/P-550x350-4.png\" alt=\"Savez-vous qui consulte votre profil ?\"><br \/>\n                                    <\/a><!-- .elementskit-entry-thumb END --><br \/>\n\t\t\t\t\t\t\t\t\t\t\t\t\t\t\t\t\t\t\t\t<a href=\"https:\/\/universofamilia.com\/fr\/author\/universofamlia\/\">R\u00e9daction Universo Fam\u00edlia<\/a><br \/>\n\t\t\t\t\t\t\t\t\t\t\t2 janvier 2024\t\t\t\t\t\t\t\t\t\t<\/p>\n<h2>\n\t\t\t\t\t<a href=\"https:\/\/universofamilia.com\/fr\/4839\/sabes-quien-esta-viendo-tu-perfil\/\"><br \/>\n\t\t\t\t\t\tSavez-vous qui consulte votre profil ?\t\t\t\t\t<\/a><br \/>\n\t\t\t\t<\/h2>\n<p>\t\t\t                                                                                <!-- .elementskit-entry-header END --><\/p>\n<p>Suite apr\u00e8s la publicit\u00e9... Dans le monde num\u00e9rique d&#039;aujourd&#039;hui, o\u00f9 les m\u00e9dias sociaux jouent un r\u00f4le fondamental dans nos vies,\u2026<\/p>\n<p>                                                                                                                                <!-- .elementskit-post-footer END --><br \/>\n                                                                    <!-- .elementskit-post-body END --><br \/>\n                    <!-- .elementskit-blog-block-post .radius .gradient-bg END --><br \/>\n                                    <a href=\"https:\/\/universofamilia.com\/fr\/4829\/aprende-a-tocar-la-guitarra-de-forma-facil-y-practica\/\"><br \/>\n                                        <img decoding=\"async\" src=\"http:\/\/universofamilia.com\/wp-content\/uploads\/sites\/148\/2023\/12\/P-550x350-3-2.jpg\" alt=\"Apprenez \u00e0 jouer de la guitare facilement et pratiquement\"><br \/>\n                                    <\/a><!-- .elementskit-entry-thumb END --><br \/>\n\t\t\t\t\t\t\t\t\t\t\t\t\t\t\t\t\t\t\t\t<a href=\"https:\/\/universofamilia.com\/fr\/author\/universofamlia\/\">R\u00e9daction Universo Fam\u00edlia<\/a><br \/>\n\t\t\t\t\t\t\t\t\t\t\t31 d\u00e9cembre 2023\t\t\t\t\t\t\t\t\t\t<\/p>\n<h2>\n\t\t\t\t\t<a href=\"https:\/\/universofamilia.com\/fr\/4829\/aprende-a-tocar-la-guitarra-de-forma-facil-y-practica\/\"><br \/>\n\t\t\t\t\t\tApprenez \u00e0 jouer de la guitare de la bonne mani\u00e8re\u2026\t\t\t\t\t<\/a><br \/>\n\t\t\t\t<\/h2>\n<p>\t\t\t                                                                                <!-- .elementskit-entry-header END --><\/p>\n<p>Suite apr\u00e8s la publicit\u00e9... L&#039;\u00e8re num\u00e9rique a apport\u00e9 avec elle une r\u00e9volution dans l&#039;apprentissage pour plusieurs segments, et...<\/p>\n<p>                                                                                                                                <!-- .elementskit-post-footer END --><br \/>\n                                                                    <!-- .elementskit-post-body END --><br \/>\n                    <!-- .elementskit-blog-block-post .radius .gradient-bg END --><br \/>\n                                    <a href=\"https:\/\/universofamilia.com\/fr\/4820\/la-era-de-las-aplicaciones-ahorrando-en-los-pasajes-aereos\/\"><br \/>\n                                        <img decoding=\"async\" src=\"http:\/\/universofamilia.com\/wp-content\/uploads\/sites\/148\/2023\/12\/P-550x350-3-1.jpg\" alt=\"L&#039;\u00e8re des applications\u00a0: \u00e9conomiser sur les billets d&#039;avion\"><br \/>\n                                    <\/a><!-- .elementskit-entry-thumb END --><br \/>\n\t\t\t\t\t\t\t\t\t\t\t\t\t\t\t\t\t\t\t\t<a href=\"https:\/\/universofamilia.com\/fr\/author\/universofamlia\/\">R\u00e9daction Universo Fam\u00edlia<\/a><br \/>\n\t\t\t\t\t\t\t\t\t\t\t29 d\u00e9cembre 2023\t\t\t\t\t\t\t\t\t\t<\/p>\n<h2>\n\t\t\t\t\t<a href=\"https:\/\/universofamilia.com\/fr\/4820\/la-era-de-las-aplicaciones-ahorrando-en-los-pasajes-aereos\/\"><br \/>\n\t\t\t\t\t\tL&#039;\u00e8re des applications : \u00e9conomiser sur\u2026\t\t\t\t\t<\/a><br \/>\n\t\t\t\t<\/h2>\n<p>\t\t\t                                                                                <!-- .elementskit-entry-header END --><\/p>\n<p>Voyager est une exp\u00e9rience enrichissante, mais le co\u00fbt du billet d\u2019avion peut souvent \u00eatre\u2026<\/p>\n<p>                                                                                                                                <!-- .elementskit-post-footer END --><br \/>\n                                                                    <!-- .elementskit-post-body END --><br \/>\n                    <!-- .elementskit-blog-block-post .radius .gradient-bg END --><br \/>\n                                    <a href=\"https:\/\/universofamilia.com\/fr\/3989\/preparacao-para-a-segunda-gravidez\/\"><br \/>\n                                        <img decoding=\"async\" src=\"http:\/\/universofamilia.com\/wp-content\/uploads\/sites\/148\/2023\/09\/D-UNIVERSO-FAMILIA-Preparacao-para-a-Segunda-Gravidez.png\" alt=\"Pr\u00e9paration \u00e0 la deuxi\u00e8me grossesse\"><br \/>\n                                    <\/a><!-- .elementskit-entry-thumb END --><br \/>\n\t\t\t\t\t\t\t\t\t\t\t\t\t\t\t\t\t\t\t\t<a href=\"https:\/\/universofamilia.com\/fr\/author\/universofamlia\/\">R\u00e9daction Universo Fam\u00edlia<\/a><br \/>\n\t\t\t\t\t\t\t\t\t\t\t22 septembre 2023\t\t\t\t\t\t\t\t\t\t<\/p>\n<h2>\n\t\t\t\t\t<a href=\"https:\/\/universofamilia.com\/fr\/3989\/preparacao-para-a-segunda-gravidez\/\"><br \/>\n\t\t\t\t\t\tPr\u00e9paration \u00e0 la deuxi\u00e8me grossesse\t\t\t\t\t<\/a><br \/>\n\t\t\t\t<\/h2>\n<p>\t\t\t                                                                                <!-- .elementskit-entry-header END --><\/p>\n<p>Suite de la publicit\u00e9\u2026 Pr\u00e9paration \u00e0 une deuxi\u00e8me grossesse. Vous vous demandez si vous \u00eates pr\u00eate pour votre deuxi\u00e8me fils\u00a0?<\/p>\n<p>                                                                                                                                <!-- .elementskit-post-footer END --><br \/>\n                                                                    <!-- .elementskit-post-body END --><br \/>\n                    <!-- .elementskit-blog-block-post .radius .gradient-bg END --><\/p>\n<article data-id=\"3627\">\n            <a href=\"https:\/\/universofamilia.com\/fr\/3627\/os-10-utensilios-indispensaveis-para-a-introducao-alimentar-de-bebes\/\"><\/a><br \/>\n                <img loading=\"lazy\" width=\"300\" height=\"234\" src=\"http:\/\/universofamilia.com\/wp-content\/uploads\/sites\/148\/2023\/08\/DESTAQUE-utensilios-para-introducao-alimentar-universo-familia--300x234.png\" alt=\"\" decoding=\"async\" srcset=\"http:\/\/universofamilia.com\/wp-content\/uploads\/sites\/148\/2023\/08\/DESTAQUE-utensilios-para-introducao-alimentar-universo-familia--300x234.png 300w, http:\/\/universofamilia.com\/wp-content\/uploads\/sites\/148\/2023\/08\/DESTAQUE-utensilios-para-introducao-alimentar-universo-familia--150x117.png 150w, http:\/\/universofamilia.com\/wp-content\/uploads\/sites\/148\/2023\/08\/DESTAQUE-utensilios-para-introducao-alimentar-universo-familia-.png 448w\" sizes=\"(max-width: 300px) 100vw, 300px\" \/><\/p>\n<header>\n<h2><a\n                        href=\"https:\/\/universofamilia.com\/fr\/3627\/os-10-utensilios-indispensaveis-para-a-introducao-alimentar-de-bebes\/\"\n                        title=\"Les 10 ustensiles indispensables pour initier b\u00e9b\u00e9 \u00e0 l&#039;alimentation\">Les 10 ustensiles indispensables pour initier b\u00e9b\u00e9 \u00e0 l&#039;alimentation<\/a><\/h2>\n<\/header>\n<p>Continuer avec la publicit\u00e9.. Les 10 ustensiles indispensables pour\u2026<\/p>\n<p><a\n                            href=\"https:\/\/universofamilia.com\/fr\/3627\/os-10-utensilios-indispensaveis-para-a-introducao-alimentar-de-bebes\/\"\n                           >En savoir plus<\/a><br \/>\n                    <time datetime=\"agosto 24, 2023\">24 ao\u00fbt 2023<\/time><br \/>\n    <\/article>\n<article data-id=\"3622\">\n            <a href=\"https:\/\/universofamilia.com\/fr\/3622\/cantando-para-nossos-bebes\/\"><\/a><br \/>\n                <img loading=\"lazy\" width=\"300\" height=\"234\" src=\"http:\/\/universofamilia.com\/wp-content\/uploads\/sites\/148\/2023\/08\/DESTAQUE-cantando-para-as-criancas-universo-familia--300x234.png\" alt=\"\" decoding=\"async\" srcset=\"http:\/\/universofamilia.com\/wp-content\/uploads\/sites\/148\/2023\/08\/DESTAQUE-cantando-para-as-criancas-universo-familia--300x234.png 300w, http:\/\/universofamilia.com\/wp-content\/uploads\/sites\/148\/2023\/08\/DESTAQUE-cantando-para-as-criancas-universo-familia--150x117.png 150w, http:\/\/universofamilia.com\/wp-content\/uploads\/sites\/148\/2023\/08\/DESTAQUE-cantando-para-as-criancas-universo-familia-.png 448w\" sizes=\"(max-width: 300px) 100vw, 300px\" \/><\/p>\n<header>\n<h2><a\n                        href=\"https:\/\/universofamilia.com\/fr\/3622\/cantando-para-nossos-bebes\/\"\n                        title=\"Chanter pour nos b\u00e9b\u00e9s\u00a0: 5 musiques aux paroles enchanteresses et aux origines captivantes\">Chanter pour nos b\u00e9b\u00e9s\u00a0: 5 musiques aux paroles enchanteresses et aux origines captivantes<\/a><\/h2>\n<\/header>\n<p>Continuer apr\u00e8s la publicit\u00e9. Chanter pour nos b\u00e9b\u00e9s, 5 chansons\u2026<\/p>\n<p><a\n                            href=\"https:\/\/universofamilia.com\/fr\/3622\/cantando-para-nossos-bebes\/\"\n                           >En savoir plus<\/a><br \/>\n                    <time datetime=\"agosto 23, 2023\">23 ao\u00fbt 2023<\/time><br \/>\n    <\/article>\n<article data-id=\"2973\">\n            <a href=\"https:\/\/universofamilia.com\/fr\/2973\/os-7-erros-que-quase-toda-mae-comete-sobre-maternidade\/\"><\/a><br \/>\n                <img loading=\"lazy\" width=\"300\" height=\"234\" src=\"http:\/\/universofamilia.com\/wp-content\/uploads\/sites\/148\/2023\/06\/DESTAQUE-7-ERROS-MATERNIDADE-universo-familia--300x234.png\" alt=\"\" decoding=\"async\" srcset=\"http:\/\/universofamilia.com\/wp-content\/uploads\/sites\/148\/2023\/06\/DESTAQUE-7-ERROS-MATERNIDADE-universo-familia--300x234.png 300w, http:\/\/universofamilia.com\/wp-content\/uploads\/sites\/148\/2023\/06\/DESTAQUE-7-ERROS-MATERNIDADE-universo-familia-.png 448w\" sizes=\"(max-width: 300px) 100vw, 300px\" \/><\/p>\n<header>\n<h2><a\n                        href=\"https:\/\/universofamilia.com\/fr\/2973\/os-7-erros-que-quase-toda-mae-comete-sobre-maternidade\/\"\n                        title=\"Les 7 erreurs que tout le monde fait \u00e0 propos de la maternit\u00e9\">Les 7 erreurs que tout le monde fait \u00e0 propos de la maternit\u00e9<\/a><\/h2>\n<\/header>\n<p>Continuez avec la publicit\u00e9.. Les 7 erreurs que (presque) tout\u2026<\/p>\n<p><a\n                            href=\"https:\/\/universofamilia.com\/fr\/2973\/os-7-erros-que-quase-toda-mae-comete-sobre-maternidade\/\"\n                           >En savoir plus<\/a><br \/>\n                    <time datetime=\"junho 22, 2023\">22 juin 2023<\/time><br \/>\n    <\/article>\n<article data-id=\"2309\">\n            <a href=\"https:\/\/universofamilia.com\/fr\/2309\/a-importancia-de-comemorar-o-dia-dos-namorados\/\"><\/a><br \/>\n                <img loading=\"lazy\" width=\"300\" height=\"234\" src=\"http:\/\/universofamilia.com\/wp-content\/uploads\/sites\/148\/2023\/06\/FOTO-DESTAQUE-Como-Surpreender-Minha-Esposa-universo-familia-448x350-1-1-300x234.png\" alt=\"\" decoding=\"async\" srcset=\"http:\/\/universofamilia.com\/wp-content\/uploads\/sites\/148\/2023\/06\/FOTO-DESTAQUE-Como-Surpreender-Minha-Esposa-universo-familia-448x350-1-1-300x234.png 300w, http:\/\/universofamilia.com\/wp-content\/uploads\/sites\/148\/2023\/06\/FOTO-DESTAQUE-Como-Surpreender-Minha-Esposa-universo-familia-448x350-1-1.png 448w\" sizes=\"(max-width: 300px) 100vw, 300px\" \/><\/p>\n<header>\n<h2><a\n                        href=\"https:\/\/universofamilia.com\/fr\/2309\/a-importancia-de-comemorar-o-dia-dos-namorados\/\"\n                        title=\"L&#039;importance de comm\u00e9morer la Saint-Valentin\">L&#039;importance de comm\u00e9morer la Saint-Valentin<\/a><\/h2>\n<\/header>\n<p>L&#039;importance de c\u00e9l\u00e9brer la Saint-Valentin. Ou le jour\u2026<\/p>\n<p><a\n                            href=\"https:\/\/universofamilia.com\/fr\/2309\/a-importancia-de-comemorar-o-dia-dos-namorados\/\"\n                           >En savoir plus<\/a><br \/>\n                    <time datetime=\"junho 8, 2023\">8 juin 2023<\/time><br \/>\n    <\/article>\n<article data-id=\"2242\">\n            <a href=\"https:\/\/universofamilia.com\/fr\/2242\/quais-os-ciclos-do-sono-do-bebe\/\"><\/a><br \/>\n                <img loading=\"lazy\" width=\"300\" height=\"234\" src=\"http:\/\/universofamilia.com\/wp-content\/uploads\/sites\/148\/2023\/06\/FOTO-DESTAQUE-ciclos-de-sono-do-bebe-universo-familia-448x350--300x234.png\" alt=\"\" decoding=\"async\" srcset=\"http:\/\/universofamilia.com\/wp-content\/uploads\/sites\/148\/2023\/06\/FOTO-DESTAQUE-ciclos-de-sono-do-bebe-universo-familia-448x350--300x234.png 300w, http:\/\/universofamilia.com\/wp-content\/uploads\/sites\/148\/2023\/06\/FOTO-DESTAQUE-ciclos-de-sono-do-bebe-universo-familia-448x350-.png 448w\" sizes=\"(max-width: 300px) 100vw, 300px\" \/><\/p>\n<header>\n<h2><a\n                        href=\"https:\/\/universofamilia.com\/fr\/2242\/quais-os-ciclos-do-sono-do-bebe\/\"\n                        title=\"Quais le b\u00e9b\u00e9 Cycles sonores\">Quais le b\u00e9b\u00e9 Cycles sonores<\/a><\/h2>\n<\/header>\n<p>Lorsque les sons du b\u00e9b\u00e9 changent, comprenez et aidez\u2026<\/p>\n<p><a\n                            href=\"https:\/\/universofamilia.com\/fr\/2242\/quais-os-ciclos-do-sono-do-bebe\/\"\n                           >En savoir plus<\/a><br \/>\n                    <time datetime=\"junho 5, 2023\">5 juin 2023<\/time><br \/>\n    <\/article>\n<article data-id=\"2236\">\n            <a href=\"https:\/\/universofamilia.com\/fr\/2236\/dicas-de-seguranca-para-o-sono-do-bebe-escolha-do-local-posicao-colchao-e-muito-mais\/\"><\/a><br \/>\n                <img loading=\"lazy\" width=\"300\" height=\"234\" src=\"http:\/\/universofamilia.com\/wp-content\/uploads\/sites\/148\/2023\/06\/FOTO-DESTAQUE-SEGURANCA-DO-BEBE-universo-familia-448x350--300x234.png\" alt=\"\" decoding=\"async\" srcset=\"http:\/\/universofamilia.com\/wp-content\/uploads\/sites\/148\/2023\/06\/FOTO-DESTAQUE-SEGURANCA-DO-BEBE-universo-familia-448x350--300x234.png 300w, http:\/\/universofamilia.com\/wp-content\/uploads\/sites\/148\/2023\/06\/FOTO-DESTAQUE-SEGURANCA-DO-BEBE-universo-familia-448x350-.png 448w\" sizes=\"(max-width: 300px) 100vw, 300px\" \/><\/p>\n<header>\n<h2><a\n                        href=\"https:\/\/universofamilia.com\/fr\/2236\/dicas-de-seguranca-para-o-sono-do-bebe-escolha-do-local-posicao-colchao-e-muito-mais\/\"\n                        title=\"Consignes de s\u00e9curit\u00e9 concernant le son du b\u00e9b\u00e9\">Consignes de s\u00e9curit\u00e9 concernant le son du b\u00e9b\u00e9<\/a><\/h2>\n<\/header>\n<p>Consignes de s\u00e9curit\u00e9 pour le fils du b\u00e9b\u00e9: escolha do\u2026<\/p>\n<p><a\n                            href=\"https:\/\/universofamilia.com\/fr\/2236\/dicas-de-seguranca-para-o-sono-do-bebe-escolha-do-local-posicao-colchao-e-muito-mais\/\"\n                           >En savoir plus<\/a><br \/>\n                    <time datetime=\"junho 5, 2023\">5 juin 2023<\/time><br \/>\n    <\/article>\n<article data-id=\"2227\">\n            <a href=\"https:\/\/universofamilia.com\/fr\/2227\/o-que-influencia-o-sono-do-bebe\/\"><\/a><br \/>\n                <img loading=\"lazy\" width=\"300\" height=\"234\" src=\"http:\/\/universofamilia.com\/wp-content\/uploads\/sites\/148\/2023\/06\/FOTO-DESTAQUE-DIFICULDADE-DE-OUVIRDIFICULDADE-DE-DORMIR-universo-familia-448x350-1-300x234.png\" alt=\"\" decoding=\"async\" srcset=\"http:\/\/universofamilia.com\/wp-content\/uploads\/sites\/148\/2023\/06\/FOTO-DESTAQUE-DIFICULDADE-DE-OUVIRDIFICULDADE-DE-DORMIR-universo-familia-448x350-1-300x234.png 300w, http:\/\/universofamilia.com\/wp-content\/uploads\/sites\/148\/2023\/06\/FOTO-DESTAQUE-DIFICULDADE-DE-OUVIRDIFICULDADE-DE-DORMIR-universo-familia-448x350-1.png 448w\" sizes=\"(max-width: 300px) 100vw, 300px\" \/><\/p>\n<header>\n<h2><a\n                        href=\"https:\/\/universofamilia.com\/fr\/2227\/o-que-influencia-o-sono-do-bebe\/\"\n                        title=\"O Que Influence no Sono do B\u00ea | Ber\u00e7o, lit partag\u00e9 ou Montessoriana ?\">O Que Influence no Sono do B\u00ea | Ber\u00e7o, lit partag\u00e9 ou Montessoriana ?<\/a><\/h2>\n<\/header>\n<p>O Que Influencia no Sono do B\u00ea: Ber\u00e7o, Cama Compartilhada\u2026<\/p>\n<p><a\n                            href=\"https:\/\/universofamilia.com\/fr\/2227\/o-que-influencia-o-sono-do-bebe\/\"\n                           >En savoir plus<\/a><br \/>\n                    <time datetime=\"junho 5, 2023\">5 juin 2023<\/time><br \/>\n    <\/article>\n<article data-id=\"2218\">\n            <a href=\"https:\/\/universofamilia.com\/fr\/2218\/meu-bebe-dorme-mal\/\"><\/a><br \/>\n                <img loading=\"lazy\" width=\"300\" height=\"234\" src=\"http:\/\/universofamilia.com\/wp-content\/uploads\/sites\/148\/2023\/06\/FOTO-DESTAQUE-DIFICULDADE-DE-OUVIRDIFICULDADE-DE-DORMIR-universo-familia-448x350-1-1-300x234.png\" alt=\"\" decoding=\"async\" srcset=\"http:\/\/universofamilia.com\/wp-content\/uploads\/sites\/148\/2023\/06\/FOTO-DESTAQUE-DIFICULDADE-DE-OUVIRDIFICULDADE-DE-DORMIR-universo-familia-448x350-1-1-300x234.png 300w, http:\/\/universofamilia.com\/wp-content\/uploads\/sites\/148\/2023\/06\/FOTO-DESTAQUE-DIFICULDADE-DE-OUVIRDIFICULDADE-DE-DORMIR-universo-familia-448x350-1-1.png 448w\" sizes=\"(max-width: 300px) 100vw, 300px\" \/><\/p>\n<header>\n<h2><a\n                        href=\"https:\/\/universofamilia.com\/fr\/2218\/meu-bebe-dorme-mal\/\"\n                        title=\"Mon b\u00e9b\u00e9 dort mal\">Mon b\u00e9b\u00e9 dort mal<\/a><\/h2>\n<\/header>\n<p>Mon b\u00e9b\u00e9 dort mal, voir 5 erreurs courantes que vous...<\/p>\n<p><a\n                            href=\"https:\/\/universofamilia.com\/fr\/2218\/meu-bebe-dorme-mal\/\"\n                           >En savoir plus<\/a><br \/>\n                    <time datetime=\"junho 4, 2023\">4 juin 2023<\/time><br \/>\n    <\/article>\n<article data-id=\"2207\">\n            <a href=\"https:\/\/universofamilia.com\/fr\/2207\/dificuldade-de-audicao-em-criancas\/\"><\/a><br \/>\n                <img loading=\"lazy\" width=\"300\" height=\"234\" src=\"http:\/\/universofamilia.com\/wp-content\/uploads\/sites\/148\/2023\/06\/FOTO-DESTAQUE-DIFICULDADE-DE-OUVIR-universo-familia-448x350-1-1-300x234.png\" alt=\"\" decoding=\"async\" srcset=\"http:\/\/universofamilia.com\/wp-content\/uploads\/sites\/148\/2023\/06\/FOTO-DESTAQUE-DIFICULDADE-DE-OUVIR-universo-familia-448x350-1-1-300x234.png 300w, http:\/\/universofamilia.com\/wp-content\/uploads\/sites\/148\/2023\/06\/FOTO-DESTAQUE-DIFICULDADE-DE-OUVIR-universo-familia-448x350-1-1.png 448w\" sizes=\"(max-width: 300px) 100vw, 300px\" \/><\/p>\n<header>\n<h2><a\n                        href=\"https:\/\/universofamilia.com\/fr\/2207\/dificuldade-de-audicao-em-criancas\/\"\n                        title=\"Troubles auditifs chez les enfants\u00a0: sympt\u00f4mes, soins et diagnostic\">Troubles auditifs chez les enfants\u00a0: sympt\u00f4mes, soins et diagnostic<\/a><\/h2>\n<\/header>\n<p>Troubles auditifs chez l&#039;enfant\u00a0: sympt\u00f4mes, soins et diagnostic. \u00c0\u2026<\/p>\n<p><a\n                            href=\"https:\/\/universofamilia.com\/fr\/2207\/dificuldade-de-audicao-em-criancas\/\"\n                           >En savoir plus<\/a><br \/>\n                    <time datetime=\"junho 2, 2023\">2 juin 2023<\/time><br \/>\n    <\/article>\n<p>                <button id=\"eael-load-more-btn-7ddf399\" data-widget-id=\"7ddf399\" data-widget=\"7ddf399\" data-page-id=\"2519\" data-template=\"{&quot;dir&quot;:&quot;lite&quot;,&quot;file_name&quot;:&quot;default.php&quot;,&quot;name&quot;:&quot;Post-Grid&quot;}\" data-class=\"Essential_Addons_ElementorElementsPost_Grid\" data-layout=\"grid\" data-page=\"1\" data-args=\"orderby=date&amp;order=desc&amp;ignore_sticky_posts=1&amp;post_status=publish&amp;posts_per_page=9&amp;offset=6&amp;post_type=post&amp;tax_query%5B0%5D%5Btaxonomy%5D=category&amp;tax_query%5B0%5D%5Bfield%5D=term_id&amp;tax_query%5B0%5D%5Bterms%5D%5B0%5D=2&amp;tax_query%5Brelation%5D=AND\" data-max-page=\"3\"><br \/>\n                    Charger plus<br \/>\n                <\/button><\/p>","protected":false},"excerpt":{"rendered":"<p>Reda\u00e7\u00e3o Universo Fam\u00edlia janeiro 23, 2024 Descubriendo el Embarazo a trav\u00e9s del Tel\u00e9fono Continua ap\u00f3s a publicidade.. El viaje hacia la maternidad a menudo comienza con un simple deseo: saber si est\u00e1s embarazada.&hellip; Reda\u00e7\u00e3o Universo Fam\u00edlia janeiro 13, 2024 Citas cristianas para toda la vida Continua ap\u00f3s a publicidade.. El mundo contempor\u00e1neo presenta desaf\u00edos \u00fanicos [&hellip;]<\/p>","protected":false},"author":0,"featured_media":0,"parent":0,"menu_order":0,"comment_status":"closed","ping_status":"closed","template":"","meta":{"footnotes":""},"yoast_head":"<!-- This site is optimized with the Yoast SEO plugin v23.3 - https:\/\/yoast.com\/wordpress\/plugins\/seo\/ -->\n<title>Curiosidades - Universo Fam\u00edlia<\/title>\n<meta name=\"description\" content=\"Fam\u00edlia, conte\u00fados incr\u00edveis para te ajudar na jornada da vida. Tudo sobre a maternidade, relacionamentos, filhos e muito mais.\" \/>\n<meta name=\"robots\" content=\"index, follow, max-snippet:-1, max-image-preview:large, max-video-preview:-1\" \/>\n<link rel=\"canonical\" href=\"http:\/\/universofamilia.com\/fr\/curiosidades\/\" \/>\n<meta property=\"og:locale\" content=\"fr_FR\" \/>\n<meta property=\"og:type\" content=\"article\" \/>\n<meta property=\"og:title\" content=\"Curiosidades - Universo Fam\u00edlia\" \/>\n<meta property=\"og:description\" content=\"Fam\u00edlia, conte\u00fados incr\u00edveis para te ajudar na jornada da vida. Tudo sobre a maternidade, relacionamentos, filhos e muito mais.\" \/>\n<meta property=\"og:url\" content=\"http:\/\/universofamilia.com\/fr\/curiosidades\/\" \/>\n<meta property=\"og:site_name\" content=\"Universo Fam\u00edlia\" \/>\n<meta property=\"og:image\" content=\"http:\/\/universofamilia.com\/wp-content\/uploads\/sites\/148\/2024\/01\/P-550x350-3-1.jpg\" \/>\n<meta name=\"twitter:card\" content=\"summary_large_image\" \/>\n<meta name=\"twitter:label1\" content=\"Est. reading time\" \/>\n\t<meta name=\"twitter:data1\" content=\"6 minutes\" \/>\n<script type=\"application\/ld+json\" class=\"yoast-schema-graph\">{\"@context\":\"https:\/\/schema.org\",\"@graph\":[{\"@type\":\"WebPage\",\"@id\":\"http:\/\/universofamilia.com\/el\/curiosidades\/\",\"url\":\"http:\/\/universofamilia.com\/el\/curiosidades\/\",\"name\":\"Curiosidades - Universo Fam\u00edlia\",\"isPartOf\":{\"@id\":\"http:\/\/universofamilia.com\/zh_hk\/#website\"},\"primaryImageOfPage\":{\"@id\":\"http:\/\/universofamilia.com\/el\/curiosidades\/#primaryimage\"},\"image\":{\"@id\":\"http:\/\/universofamilia.com\/el\/curiosidades\/#primaryimage\"},\"thumbnailUrl\":\"http:\/\/universofamilia.com\/wp-content\/uploads\/sites\/148\/2024\/01\/P-550x350-3-1.jpg\",\"datePublished\":\"2023-06-13T21:39:44+00:00\",\"dateModified\":\"2023-06-13T21:39:44+00:00\",\"description\":\"Fam\u00edlia, conte\u00fados incr\u00edveis para te ajudar na jornada da vida. Tudo sobre a maternidade, relacionamentos, filhos e muito mais.\",\"breadcrumb\":{\"@id\":\"http:\/\/universofamilia.com\/el\/curiosidades\/#breadcrumb\"},\"inLanguage\":\"fr-FR\",\"potentialAction\":[{\"@type\":\"ReadAction\",\"target\":[\"http:\/\/universofamilia.com\/el\/curiosidades\/\"]}]},{\"@type\":\"ImageObject\",\"inLanguage\":\"fr-FR\",\"@id\":\"http:\/\/universofamilia.com\/el\/curiosidades\/#primaryimage\",\"url\":\"http:\/\/universofamilia.com\/wp-content\/uploads\/sites\/148\/2024\/01\/P-550x350-3-1.jpg\",\"contentUrl\":\"http:\/\/universofamilia.com\/wp-content\/uploads\/sites\/148\/2024\/01\/P-550x350-3-1.jpg\"},{\"@type\":\"BreadcrumbList\",\"@id\":\"http:\/\/universofamilia.com\/el\/curiosidades\/#breadcrumb\",\"itemListElement\":[{\"@type\":\"ListItem\",\"position\":1,\"name\":\"Home\",\"item\":\"http:\/\/universofamilia.com\/zh_hk\/\"},{\"@type\":\"ListItem\",\"position\":2,\"name\":\"Curiosidades\"}]},{\"@type\":\"WebSite\",\"@id\":\"http:\/\/universofamilia.com\/zh_hk\/#website\",\"url\":\"http:\/\/universofamilia.com\/zh_hk\/\",\"name\":\"Universo Fam\u00edlia\",\"description\":\"\",\"potentialAction\":[{\"@type\":\"SearchAction\",\"target\":{\"@type\":\"EntryPoint\",\"urlTemplate\":\"http:\/\/universofamilia.com\/zh_hk\/?s={search_term_string}\"},\"query-input\":\"required name=search_term_string\"}],\"inLanguage\":\"fr-FR\"}]}<\/script>\n<!-- \/ Yoast SEO plugin. -->","yoast_head_json":{"title":"Curiosidades - Universo Fam\u00edlia","description":"Fam\u00edlia, conte\u00fados incr\u00edveis para te ajudar na jornada da vida. Tudo sobre a maternidade, relacionamentos, filhos e muito mais.","robots":{"index":"index","follow":"follow","max-snippet":"max-snippet:-1","max-image-preview":"max-image-preview:large","max-video-preview":"max-video-preview:-1"},"canonical":"http:\/\/universofamilia.com\/fr\/curiosidades\/","og_locale":"fr_FR","og_type":"article","og_title":"Curiosidades - Universo Fam\u00edlia","og_description":"Fam\u00edlia, conte\u00fados incr\u00edveis para te ajudar na jornada da vida. Tudo sobre a maternidade, relacionamentos, filhos e muito mais.","og_url":"http:\/\/universofamilia.com\/fr\/curiosidades\/","og_site_name":"Universo Fam\u00edlia","og_image":[{"url":"http:\/\/universofamilia.com\/wp-content\/uploads\/sites\/148\/2024\/01\/P-550x350-3-1.jpg"}],"twitter_card":"summary_large_image","twitter_misc":{"Est. reading time":"6 minutes"},"schema":{"@context":"https:\/\/schema.org","@graph":[{"@type":"WebPage","@id":"http:\/\/universofamilia.com\/el\/curiosidades\/","url":"http:\/\/universofamilia.com\/el\/curiosidades\/","name":"Curiosidades - Universo Fam\u00edlia","isPartOf":{"@id":"http:\/\/universofamilia.com\/zh_hk\/#website"},"primaryImageOfPage":{"@id":"http:\/\/universofamilia.com\/el\/curiosidades\/#primaryimage"},"image":{"@id":"http:\/\/universofamilia.com\/el\/curiosidades\/#primaryimage"},"thumbnailUrl":"http:\/\/universofamilia.com\/wp-content\/uploads\/sites\/148\/2024\/01\/P-550x350-3-1.jpg","datePublished":"2023-06-13T21:39:44+00:00","dateModified":"2023-06-13T21:39:44+00:00","description":"Fam\u00edlia, conte\u00fados incr\u00edveis para te ajudar na jornada da vida. Tudo sobre a maternidade, relacionamentos, filhos e muito mais.","breadcrumb":{"@id":"http:\/\/universofamilia.com\/el\/curiosidades\/#breadcrumb"},"inLanguage":"fr-FR","potentialAction":[{"@type":"ReadAction","target":["http:\/\/universofamilia.com\/el\/curiosidades\/"]}]},{"@type":"ImageObject","inLanguage":"fr-FR","@id":"http:\/\/universofamilia.com\/el\/curiosidades\/#primaryimage","url":"http:\/\/universofamilia.com\/wp-content\/uploads\/sites\/148\/2024\/01\/P-550x350-3-1.jpg","contentUrl":"http:\/\/universofamilia.com\/wp-content\/uploads\/sites\/148\/2024\/01\/P-550x350-3-1.jpg"},{"@type":"BreadcrumbList","@id":"http:\/\/universofamilia.com\/el\/curiosidades\/#breadcrumb","itemListElement":[{"@type":"ListItem","position":1,"name":"Home","item":"http:\/\/universofamilia.com\/zh_hk\/"},{"@type":"ListItem","position":2,"name":"Curiosidades"}]},{"@type":"WebSite","@id":"http:\/\/universofamilia.com\/zh_hk\/#website","url":"http:\/\/universofamilia.com\/zh_hk\/","name":"Universo Fam\u00edlia","description":"","potentialAction":[{"@type":"SearchAction","target":{"@type":"EntryPoint","urlTemplate":"http:\/\/universofamilia.com\/zh_hk\/?s={search_term_string}"},"query-input":"required name=search_term_string"}],"inLanguage":"fr-FR"}]}},"_links":{"self":[{"href":"http:\/\/universofamilia.com\/fr\/wp-json\/wp\/v2\/pages\/2519"}],"collection":[{"href":"http:\/\/universofamilia.com\/fr\/wp-json\/wp\/v2\/pages"}],"about":[{"href":"http:\/\/universofamilia.com\/fr\/wp-json\/wp\/v2\/types\/page"}],"replies":[{"embeddable":true,"href":"http:\/\/universofamilia.com\/fr\/wp-json\/wp\/v2\/comments?post=2519"}],"version-history":[{"count":0,"href":"http:\/\/universofamilia.com\/fr\/wp-json\/wp\/v2\/pages\/2519\/revisions"}],"wp:attachment":[{"href":"http:\/\/universofamilia.com\/fr\/wp-json\/wp\/v2\/media?parent=2519"}],"curies":[{"name":"wp","href":"https:\/\/api.w.org\/{rel}","templated":true}]}}