{"id":2519,"date":"2023-06-13T18:39:44","date_gmt":"2023-06-13T21:39:44","guid":{"rendered":"https:\/\/universofamilia.com\/?page_id=2519"},"modified":"2023-06-13T18:39:44","modified_gmt":"2023-06-13T21:39:44","slug":"curiosidades","status":"publish","type":"page","link":"http:\/\/universofamilia.com\/hu\/curiosidades\/","title":{"rendered":"\u00c9rdekess\u00e9gek"},"content":{"rendered":"<p><a href=\"https:\/\/universofamilia.com\/hu\/4954\/descubriendo-el-embarazo-a-traves-del-telefono\/\"><br \/>\n                                        <img decoding=\"async\" src=\"http:\/\/universofamilia.com\/wp-content\/uploads\/sites\/148\/2024\/01\/P-550x350-3-1.jpg\" alt=\"Terhess\u00e9g felismer\u00e9se telefonon kereszt\u00fcl\"><br \/>\n                                    <\/a><!-- .elementskit-entry-thumb END --><br \/>\n\t\t\t\t\t\t\t\t\t\t\t\t\t\t\t\t\t\t\t\t<a href=\"https:\/\/universofamilia.com\/hu\/author\/universofamlia\/\">Csal\u00e1di Egyetemi K\u00f6nyvt\u00e1r<\/a><br \/>\n\t\t\t\t\t\t\t\t\t\t\t2024. janu\u00e1r 23.\t\t\t\t\t\t\t\t\t\t<\/p>\n<h2>\n\t\t\t\t\t<a href=\"https:\/\/universofamilia.com\/hu\/4954\/descubriendo-el-embarazo-a-traves-del-telefono\/\"><br \/>\n\t\t\t\t\t\tTerhess\u00e9g felismer\u00e9se telefonon kereszt\u00fcl\t\t\t\t\t<\/a><br \/>\n\t\t\t\t<\/h2>\n<p>\t\t\t                                                                                <!-- .elementskit-entry-header END --><\/p>\n<p>Folytat\u00e1s a rekl\u00e1m ut\u00e1n... Az anyas\u00e1ghoz vezet\u0151 \u00fat gyakran egy egyszer\u0171 v\u00e1ggyal kezd\u0151dik: tudni, hogy terhes vagy-e.\u2026<\/p>\n<p>                                                                                                                                <!-- .elementskit-post-footer END --><br \/>\n                                                                    <!-- .elementskit-post-body END --><br \/>\n                    <!-- .elementskit-blog-block-post .radius .gradient-bg END --><br \/>\n                                    <a href=\"https:\/\/universofamilia.com\/hu\/4865\/citas-cristianas-para-toda-la-vida\/\"><br \/>\n                                        <img decoding=\"async\" src=\"http:\/\/universofamilia.com\/wp-content\/uploads\/sites\/148\/2024\/01\/P-550x350-3.jpg\" alt=\"Kereszt\u00e9ny id\u00e9zetek az \u00e9lethez\"><br \/>\n                                    <\/a><!-- .elementskit-entry-thumb END --><br \/>\n\t\t\t\t\t\t\t\t\t\t\t\t\t\t\t\t\t\t\t\t<a href=\"https:\/\/universofamilia.com\/hu\/author\/universofamlia\/\">Csal\u00e1di Egyetemi K\u00f6nyvt\u00e1r<\/a><br \/>\n\t\t\t\t\t\t\t\t\t\t\t2024. janu\u00e1r 13.\t\t\t\t\t\t\t\t\t\t<\/p>\n<h2>\n\t\t\t\t\t<a href=\"https:\/\/universofamilia.com\/hu\/4865\/citas-cristianas-para-toda-la-vida\/\"><br \/>\n\t\t\t\t\t\tKereszt\u00e9ny id\u00e9zetek az \u00e9lethez\t\t\t\t\t<\/a><br \/>\n\t\t\t\t<\/h2>\n<p>\t\t\t                                                                                <!-- .elementskit-entry-header END --><\/p>\n<p>Folytat\u00e1s a hirdet\u00e9s ut\u00e1n... A mai vil\u00e1g egyedi kih\u00edv\u00e1sok el\u00e9 \u00e1ll\u00edtja a kereszt\u00e9nyeket, akik \u00e9rtelmes kapcsolatokat keresnek. Ebben...<\/p>\n<p>                                                                                                                                <!-- .elementskit-post-footer END --><br \/>\n                                                                    <!-- .elementskit-post-body END --><br \/>\n                    <!-- .elementskit-blog-block-post .radius .gradient-bg END --><br \/>\n                                    <a href=\"https:\/\/universofamilia.com\/hu\/4839\/sabes-quien-esta-viendo-tu-perfil\/\"><br \/>\n                                        <img decoding=\"async\" src=\"http:\/\/universofamilia.com\/wp-content\/uploads\/sites\/148\/2024\/01\/P-550x350-4.png\" alt=\"Tudod, hogy ki n\u00e9zi a profilodat?\"><br \/>\n                                    <\/a><!-- .elementskit-entry-thumb END --><br \/>\n\t\t\t\t\t\t\t\t\t\t\t\t\t\t\t\t\t\t\t\t<a href=\"https:\/\/universofamilia.com\/hu\/author\/universofamlia\/\">Csal\u00e1di Egyetemi K\u00f6nyvt\u00e1r<\/a><br \/>\n\t\t\t\t\t\t\t\t\t\t\t2024. janu\u00e1r 2.\t\t\t\t\t\t\t\t\t\t<\/p>\n<h2>\n\t\t\t\t\t<a href=\"https:\/\/universofamilia.com\/hu\/4839\/sabes-quien-esta-viendo-tu-perfil\/\"><br \/>\n\t\t\t\t\t\tTudod, hogy ki n\u00e9zi a profilodat?\t\t\t\t\t<\/a><br \/>\n\t\t\t\t<\/h2>\n<p>\t\t\t                                                                                <!-- .elementskit-entry-header END --><\/p>\n<p>Folytat\u00e1s a rekl\u00e1m ut\u00e1n... A mai digit\u00e1lis vil\u00e1gban, ahol a k\u00f6z\u00f6ss\u00e9gi m\u00e9dia alapvet\u0151 szerepet j\u00e1tszik az \u00e9let\u00fcnkben,\u2026<\/p>\n<p>                                                                                                                                <!-- .elementskit-post-footer END --><br \/>\n                                                                    <!-- .elementskit-post-body END --><br \/>\n                    <!-- .elementskit-blog-block-post .radius .gradient-bg END --><br \/>\n                                    <a href=\"https:\/\/universofamilia.com\/hu\/4829\/aprende-a-tocar-la-guitarra-de-forma-facil-y-practica\/\"><br \/>\n                                        <img decoding=\"async\" src=\"http:\/\/universofamilia.com\/wp-content\/uploads\/sites\/148\/2023\/12\/P-550x350-3-2.jpg\" alt=\"Tanulj meg git\u00e1rozni k\u00f6nnyed\u00e9n \u00e9s praktikusan\"><br \/>\n                                    <\/a><!-- .elementskit-entry-thumb END --><br \/>\n\t\t\t\t\t\t\t\t\t\t\t\t\t\t\t\t\t\t\t\t<a href=\"https:\/\/universofamilia.com\/hu\/author\/universofamlia\/\">Csal\u00e1di Egyetemi K\u00f6nyvt\u00e1r<\/a><br \/>\n\t\t\t\t\t\t\t\t\t\t\t2023. december 31.\t\t\t\t\t\t\t\t\t\t<\/p>\n<h2>\n\t\t\t\t\t<a href=\"https:\/\/universofamilia.com\/hu\/4829\/aprende-a-tocar-la-guitarra-de-forma-facil-y-practica\/\"><br \/>\n\t\t\t\t\t\tTanulj meg helyesen git\u00e1rozni\u2026\t\t\t\t\t<\/a><br \/>\n\t\t\t\t<\/h2>\n<p>\t\t\t                                                                                <!-- .elementskit-entry-header END --><\/p>\n<p>Folytat\u00e1s a rekl\u00e1m ut\u00e1n... A digit\u00e1lis kor forradalmat hozott mag\u00e1val a tanul\u00e1sban sz\u00e1mos szegmens sz\u00e1m\u00e1ra, \u00e9s a...<\/p>\n<p>                                                                                                                                <!-- .elementskit-post-footer END --><br \/>\n                                                                    <!-- .elementskit-post-body END --><br \/>\n                    <!-- .elementskit-blog-block-post .radius .gradient-bg END --><br \/>\n                                    <a href=\"https:\/\/universofamilia.com\/hu\/4820\/la-era-de-las-aplicaciones-ahorrando-en-los-pasajes-aereos\/\"><br \/>\n                                        <img decoding=\"async\" src=\"http:\/\/universofamilia.com\/wp-content\/uploads\/sites\/148\/2023\/12\/P-550x350-3-1.jpg\" alt=\"Az alkalmaz\u00e1sok kora: Sp\u00f3rolj a rep\u00fcl\u0151jegyeden\"><br \/>\n                                    <\/a><!-- .elementskit-entry-thumb END --><br \/>\n\t\t\t\t\t\t\t\t\t\t\t\t\t\t\t\t\t\t\t\t<a href=\"https:\/\/universofamilia.com\/hu\/author\/universofamlia\/\">Csal\u00e1di Egyetemi K\u00f6nyvt\u00e1r<\/a><br \/>\n\t\t\t\t\t\t\t\t\t\t\t2023. december 29.\t\t\t\t\t\t\t\t\t\t<\/p>\n<h2>\n\t\t\t\t\t<a href=\"https:\/\/universofamilia.com\/hu\/4820\/la-era-de-las-aplicaciones-ahorrando-en-los-pasajes-aereos\/\"><br \/>\n\t\t\t\t\t\tAz alkalmaz\u00e1sok kora: Sp\u00f3rolj\u2026\t\t\t\t\t<\/a><br \/>\n\t\t\t\t<\/h2>\n<p>\t\t\t                                                                                <!-- .elementskit-entry-header END --><\/p>\n<p>Az utaz\u00e1s gazdag\u00edt\u00f3 \u00e9lm\u00e9ny, de a rep\u00fcl\u0151jegy \u00e1ra gyakran\u2026<\/p>\n<p>                                                                                                                                <!-- .elementskit-post-footer END --><br \/>\n                                                                    <!-- .elementskit-post-body END --><br \/>\n                    <!-- .elementskit-blog-block-post .radius .gradient-bg END --><br \/>\n                                    <a href=\"https:\/\/universofamilia.com\/hu\/3989\/preparacao-para-a-segunda-gravidez\/\"><br \/>\n                                        <img decoding=\"async\" src=\"http:\/\/universofamilia.com\/wp-content\/uploads\/sites\/148\/2023\/09\/D-UNIVERSO-FAMILIA-Preparacao-para-a-Segunda-Gravidez.png\" alt=\"Felk\u00e9sz\u00fcl\u00e9s a m\u00e1sodik terhess\u00e9gre\"><br \/>\n                                    <\/a><!-- .elementskit-entry-thumb END --><br \/>\n\t\t\t\t\t\t\t\t\t\t\t\t\t\t\t\t\t\t\t\t<a href=\"https:\/\/universofamilia.com\/hu\/author\/universofamlia\/\">Csal\u00e1di Egyetemi K\u00f6nyvt\u00e1r<\/a><br \/>\n\t\t\t\t\t\t\t\t\t\t\t2023. szeptember 22.\t\t\t\t\t\t\t\t\t\t<\/p>\n<h2>\n\t\t\t\t\t<a href=\"https:\/\/universofamilia.com\/hu\/3989\/preparacao-para-a-segunda-gravidez\/\"><br \/>\n\t\t\t\t\t\tFelk\u00e9sz\u00fcl\u00e9s a m\u00e1sodik terhess\u00e9gre\t\t\t\t\t<\/a><br \/>\n\t\t\t\t<\/h2>\n<p>\t\t\t                                                                                <!-- .elementskit-entry-header END --><\/p>\n<p>Folytat\u00e1s a hirdet\u00e9s ut\u00e1n... Felk\u00e9sz\u00fcl\u00e9s a m\u00e1sodik terhess\u00e9gre. Gondolkodsz azon, hogy k\u00e9szen \u00e1llsz-e a m\u00e1sodik bab\u00e1dra?\u2026<\/p>\n<p>                                                                                                                                <!-- .elementskit-post-footer END --><br \/>\n                                                                    <!-- .elementskit-post-body END --><br \/>\n                    <!-- .elementskit-blog-block-post .radius .gradient-bg END --><\/p>\n<article data-id=\"3627\">\n            <a href=\"https:\/\/universofamilia.com\/hu\/3627\/os-10-utensilios-indispensaveis-para-a-introducao-alimentar-de-bebes\/\"><\/a><br \/>\n                <img loading=\"lazy\" width=\"300\" height=\"234\" src=\"http:\/\/universofamilia.com\/wp-content\/uploads\/sites\/148\/2023\/08\/DESTAQUE-utensilios-para-introducao-alimentar-universo-familia--300x234.png\" alt=\"\" decoding=\"async\" srcset=\"http:\/\/universofamilia.com\/wp-content\/uploads\/sites\/148\/2023\/08\/DESTAQUE-utensilios-para-introducao-alimentar-universo-familia--300x234.png 300w, http:\/\/universofamilia.com\/wp-content\/uploads\/sites\/148\/2023\/08\/DESTAQUE-utensilios-para-introducao-alimentar-universo-familia--150x117.png 150w, http:\/\/universofamilia.com\/wp-content\/uploads\/sites\/148\/2023\/08\/DESTAQUE-utensilios-para-introducao-alimentar-universo-familia-.png 448w\" sizes=\"(max-width: 300px) 100vw, 300px\" \/><\/p>\n<header>\n<h2><a\n                        href=\"https:\/\/universofamilia.com\/hu\/3627\/os-10-utensilios-indispensaveis-para-a-introducao-alimentar-de-bebes\/\"\n                        title=\"A 10 n\u00e9lk\u00fcl\u00f6zhetetlen eszk\u00f6z a babat\u00e1pl\u00e1l\u00e1s bevezet\u00e9s\u00e9hez\">A 10 n\u00e9lk\u00fcl\u00f6zhetetlen eszk\u00f6z a babat\u00e1pl\u00e1l\u00e1s bevezet\u00e9s\u00e9hez<\/a><\/h2>\n<\/header>\n<p>Folytasd a hirdet\u00e9st... A 10 n\u00e9lk\u00fcl\u00f6zhetetlen eszk\u00f6z a...<\/p>\n<p><a\n                            href=\"https:\/\/universofamilia.com\/hu\/3627\/os-10-utensilios-indispensaveis-para-a-introducao-alimentar-de-bebes\/\"\n                           >Tov\u00e1bbi inform\u00e1ci\u00f3<\/a><br \/>\n                    <time datetime=\"agosto 24, 2023\">2023. augusztus 24.<\/time><br \/>\n    <\/article>\n<article data-id=\"3622\">\n            <a href=\"https:\/\/universofamilia.com\/hu\/3622\/cantando-para-nossos-bebes\/\"><\/a><br \/>\n                <img loading=\"lazy\" width=\"300\" height=\"234\" src=\"http:\/\/universofamilia.com\/wp-content\/uploads\/sites\/148\/2023\/08\/DESTAQUE-cantando-para-as-criancas-universo-familia--300x234.png\" alt=\"\" decoding=\"async\" srcset=\"http:\/\/universofamilia.com\/wp-content\/uploads\/sites\/148\/2023\/08\/DESTAQUE-cantando-para-as-criancas-universo-familia--300x234.png 300w, http:\/\/universofamilia.com\/wp-content\/uploads\/sites\/148\/2023\/08\/DESTAQUE-cantando-para-as-criancas-universo-familia--150x117.png 150w, http:\/\/universofamilia.com\/wp-content\/uploads\/sites\/148\/2023\/08\/DESTAQUE-cantando-para-as-criancas-universo-familia-.png 448w\" sizes=\"(max-width: 300px) 100vw, 300px\" \/><\/p>\n<header>\n<h2><a\n                        href=\"https:\/\/universofamilia.com\/hu\/3622\/cantando-para-nossos-bebes\/\"\n                        title=\"\u00c9nek a bab\u00e1inknak: 5 zene var\u00e1zslatos dalsz\u00f6veggel \u00e9s mag\u00e1val ragad\u00f3 eredettel\">\u00c9nek a bab\u00e1inknak: 5 zene var\u00e1zslatos dalsz\u00f6veggel \u00e9s mag\u00e1val ragad\u00f3 eredettel<\/a><\/h2>\n<\/header>\n<p>Folytat\u00e1s a rekl\u00e1m ut\u00e1n... \u00c9nekel\u00fcnk a bab\u00e1inknak, 5 dal\u2026<\/p>\n<p><a\n                            href=\"https:\/\/universofamilia.com\/hu\/3622\/cantando-para-nossos-bebes\/\"\n                           >Tov\u00e1bbi inform\u00e1ci\u00f3<\/a><br \/>\n                    <time datetime=\"agosto 23, 2023\">2023. augusztus 23.<\/time><br \/>\n    <\/article>\n<article data-id=\"2973\">\n            <a href=\"https:\/\/universofamilia.com\/hu\/2973\/os-7-erros-que-quase-toda-mae-comete-sobre-maternidade\/\"><\/a><br \/>\n                <img loading=\"lazy\" width=\"300\" height=\"234\" src=\"http:\/\/universofamilia.com\/wp-content\/uploads\/sites\/148\/2023\/06\/DESTAQUE-7-ERROS-MATERNIDADE-universo-familia--300x234.png\" alt=\"\" decoding=\"async\" srcset=\"http:\/\/universofamilia.com\/wp-content\/uploads\/sites\/148\/2023\/06\/DESTAQUE-7-ERROS-MATERNIDADE-universo-familia--300x234.png 300w, http:\/\/universofamilia.com\/wp-content\/uploads\/sites\/148\/2023\/06\/DESTAQUE-7-ERROS-MATERNIDADE-universo-familia-.png 448w\" sizes=\"(max-width: 300px) 100vw, 300px\" \/><\/p>\n<header>\n<h2><a\n                        href=\"https:\/\/universofamilia.com\/hu\/2973\/os-7-erros-que-quase-toda-mae-comete-sobre-maternidade\/\"\n                        title=\"7 hiba, amit mindenki elk\u00f6vet az anyas\u00e1ggal kapcsolatban\">7 hiba, amit mindenki elk\u00f6vet az anyas\u00e1ggal kapcsolatban<\/a><\/h2>\n<\/header>\n<p>Folytasd a rekl\u00e1moz\u00e1st... A 7 hiba, ami (megc\u00e1fol) mindent...<\/p>\n<p><a\n                            href=\"https:\/\/universofamilia.com\/hu\/2973\/os-7-erros-que-quase-toda-mae-comete-sobre-maternidade\/\"\n                           >Tov\u00e1bbi inform\u00e1ci\u00f3<\/a><br \/>\n                    <time datetime=\"junho 22, 2023\">2023. j\u00fanius 22.<\/time><br \/>\n    <\/article>\n<article data-id=\"2309\">\n            <a href=\"https:\/\/universofamilia.com\/hu\/2309\/a-importancia-de-comemorar-o-dia-dos-namorados\/\"><\/a><br \/>\n                <img loading=\"lazy\" width=\"300\" height=\"234\" src=\"http:\/\/universofamilia.com\/wp-content\/uploads\/sites\/148\/2023\/06\/FOTO-DESTAQUE-Como-Surpreender-Minha-Esposa-universo-familia-448x350-1-1-300x234.png\" alt=\"\" decoding=\"async\" srcset=\"http:\/\/universofamilia.com\/wp-content\/uploads\/sites\/148\/2023\/06\/FOTO-DESTAQUE-Como-Surpreender-Minha-Esposa-universo-familia-448x350-1-1-300x234.png 300w, http:\/\/universofamilia.com\/wp-content\/uploads\/sites\/148\/2023\/06\/FOTO-DESTAQUE-Como-Surpreender-Minha-Esposa-universo-familia-448x350-1-1.png 448w\" sizes=\"(max-width: 300px) 100vw, 300px\" \/><\/p>\n<header>\n<h2><a\n                        href=\"https:\/\/universofamilia.com\/hu\/2309\/a-importancia-de-comemorar-o-dia-dos-namorados\/\"\n                        title=\"A Valentin-nap meg\u00fcnnepl\u00e9s\u00e9nek fontoss\u00e1ga\">A Valentin-nap meg\u00fcnnepl\u00e9s\u00e9nek fontoss\u00e1ga<\/a><\/h2>\n<\/header>\n<p>A Valentin-nap meg\u00fcnnepl\u00e9s\u00e9nek fontoss\u00e1ga. Vagy egy nap...<\/p>\n<p><a\n                            href=\"https:\/\/universofamilia.com\/hu\/2309\/a-importancia-de-comemorar-o-dia-dos-namorados\/\"\n                           >Tov\u00e1bbi inform\u00e1ci\u00f3<\/a><br \/>\n                    <time datetime=\"junho 8, 2023\">2023. j\u00fanius 8.<\/time><br \/>\n    <\/article>\n<article data-id=\"2242\">\n            <a href=\"https:\/\/universofamilia.com\/hu\/2242\/quais-os-ciclos-do-sono-do-bebe\/\"><\/a><br \/>\n                <img loading=\"lazy\" width=\"300\" height=\"234\" src=\"http:\/\/universofamilia.com\/wp-content\/uploads\/sites\/148\/2023\/06\/FOTO-DESTAQUE-ciclos-de-sono-do-bebe-universo-familia-448x350--300x234.png\" alt=\"\" decoding=\"async\" srcset=\"http:\/\/universofamilia.com\/wp-content\/uploads\/sites\/148\/2023\/06\/FOTO-DESTAQUE-ciclos-de-sono-do-bebe-universo-familia-448x350--300x234.png 300w, http:\/\/universofamilia.com\/wp-content\/uploads\/sites\/148\/2023\/06\/FOTO-DESTAQUE-ciclos-de-sono-do-bebe-universo-familia-448x350-.png 448w\" sizes=\"(max-width: 300px) 100vw, 300px\" \/><\/p>\n<header>\n<h2><a\n                        href=\"https:\/\/universofamilia.com\/hu\/2242\/quais-os-ciclos-do-sono-do-bebe\/\"\n                        title=\"Quais, a baba hangciklusai\">Quais, a baba hangciklusai<\/a><\/h2>\n<\/header>\n<p>Amikor a baba hangja ism\u00e9tl\u0151dik, \u00e9rtsd meg \u00e9s seg\u00edts\u2026<\/p>\n<p><a\n                            href=\"https:\/\/universofamilia.com\/hu\/2242\/quais-os-ciclos-do-sono-do-bebe\/\"\n                           >Tov\u00e1bbi inform\u00e1ci\u00f3<\/a><br \/>\n                    <time datetime=\"junho 5, 2023\">2023. j\u00fanius 5.<\/time><br \/>\n    <\/article>\n<article data-id=\"2236\">\n            <a href=\"https:\/\/universofamilia.com\/hu\/2236\/dicas-de-seguranca-para-o-sono-do-bebe-escolha-do-local-posicao-colchao-e-muito-mais\/\"><\/a><br \/>\n                <img loading=\"lazy\" width=\"300\" height=\"234\" src=\"http:\/\/universofamilia.com\/wp-content\/uploads\/sites\/148\/2023\/06\/FOTO-DESTAQUE-SEGURANCA-DO-BEBE-universo-familia-448x350--300x234.png\" alt=\"\" decoding=\"async\" srcset=\"http:\/\/universofamilia.com\/wp-content\/uploads\/sites\/148\/2023\/06\/FOTO-DESTAQUE-SEGURANCA-DO-BEBE-universo-familia-448x350--300x234.png 300w, http:\/\/universofamilia.com\/wp-content\/uploads\/sites\/148\/2023\/06\/FOTO-DESTAQUE-SEGURANCA-DO-BEBE-universo-familia-448x350-.png 448w\" sizes=\"(max-width: 300px) 100vw, 300px\" \/><\/p>\n<header>\n<h2><a\n                        href=\"https:\/\/universofamilia.com\/hu\/2236\/dicas-de-seguranca-para-o-sono-do-bebe-escolha-do-local-posicao-colchao-e-muito-mais\/\"\n                        title=\"Biztons\u00e1gi utas\u00edt\u00e1sok a baba hangj\u00e1hoz\">Biztons\u00e1gi utas\u00edt\u00e1sok a baba hangj\u00e1hoz<\/a><\/h2>\n<\/header>\n<p>Biztons\u00e1gi utas\u00edt\u00e1sok a baba fi\u00e1nak: escolha do\u2026<\/p>\n<p><a\n                            href=\"https:\/\/universofamilia.com\/hu\/2236\/dicas-de-seguranca-para-o-sono-do-bebe-escolha-do-local-posicao-colchao-e-muito-mais\/\"\n                           >Tov\u00e1bbi inform\u00e1ci\u00f3<\/a><br \/>\n                    <time datetime=\"junho 5, 2023\">2023. j\u00fanius 5.<\/time><br \/>\n    <\/article>\n<article data-id=\"2227\">\n            <a href=\"https:\/\/universofamilia.com\/hu\/2227\/o-que-influencia-o-sono-do-bebe\/\"><\/a><br \/>\n                <img loading=\"lazy\" width=\"300\" height=\"234\" src=\"http:\/\/universofamilia.com\/wp-content\/uploads\/sites\/148\/2023\/06\/FOTO-DESTAQUE-DIFICULDADE-DE-OUVIRDIFICULDADE-DE-DORMIR-universo-familia-448x350-1-300x234.png\" alt=\"\" decoding=\"async\" srcset=\"http:\/\/universofamilia.com\/wp-content\/uploads\/sites\/148\/2023\/06\/FOTO-DESTAQUE-DIFICULDADE-DE-OUVIRDIFICULDADE-DE-DORMIR-universo-familia-448x350-1-300x234.png 300w, http:\/\/universofamilia.com\/wp-content\/uploads\/sites\/148\/2023\/06\/FOTO-DESTAQUE-DIFICULDADE-DE-OUVIRDIFICULDADE-DE-DORMIR-universo-familia-448x350-1.png 448w\" sizes=\"(max-width: 300px) 100vw, 300px\" \/><\/p>\n<header>\n<h2><a\n                        href=\"https:\/\/universofamilia.com\/hu\/2227\/o-que-influencia-o-sono-do-bebe\/\"\n                        title=\"O Que Influence no Sono do B\u00ea | Ber\u00e7o, k\u00f6z\u00f6s \u00e1gy vagy Montessoriana?\">O Que Influence no Sono do B\u00ea | Ber\u00e7o, k\u00f6z\u00f6s \u00e1gy vagy Montessoriana?<\/a><\/h2>\n<\/header>\n<p>O Que Influencia no Sono do B\u00ea: Ber\u00e7o, Cama Compartilhada\u2026<\/p>\n<p><a\n                            href=\"https:\/\/universofamilia.com\/hu\/2227\/o-que-influencia-o-sono-do-bebe\/\"\n                           >Tov\u00e1bbi inform\u00e1ci\u00f3<\/a><br \/>\n                    <time datetime=\"junho 5, 2023\">2023. j\u00fanius 5.<\/time><br \/>\n    <\/article>\n<article data-id=\"2218\">\n            <a href=\"https:\/\/universofamilia.com\/hu\/2218\/meu-bebe-dorme-mal\/\"><\/a><br \/>\n                <img loading=\"lazy\" width=\"300\" height=\"234\" src=\"http:\/\/universofamilia.com\/wp-content\/uploads\/sites\/148\/2023\/06\/FOTO-DESTAQUE-DIFICULDADE-DE-OUVIRDIFICULDADE-DE-DORMIR-universo-familia-448x350-1-1-300x234.png\" alt=\"\" decoding=\"async\" srcset=\"http:\/\/universofamilia.com\/wp-content\/uploads\/sites\/148\/2023\/06\/FOTO-DESTAQUE-DIFICULDADE-DE-OUVIRDIFICULDADE-DE-DORMIR-universo-familia-448x350-1-1-300x234.png 300w, http:\/\/universofamilia.com\/wp-content\/uploads\/sites\/148\/2023\/06\/FOTO-DESTAQUE-DIFICULDADE-DE-OUVIRDIFICULDADE-DE-DORMIR-universo-familia-448x350-1-1.png 448w\" sizes=\"(max-width: 300px) 100vw, 300px\" \/><\/p>\n<header>\n<h2><a\n                        href=\"https:\/\/universofamilia.com\/hu\/2218\/meu-bebe-dorme-mal\/\"\n                        title=\"Rosszul alszik a bab\u00e1m\">Rosszul alszik a bab\u00e1m<\/a><\/h2>\n<\/header>\n<p>Rosszul alszik a bab\u00e1m, veja 5 gyakori hiba, amit elk\u00f6vetsz...<\/p>\n<p><a\n                            href=\"https:\/\/universofamilia.com\/hu\/2218\/meu-bebe-dorme-mal\/\"\n                           >Tov\u00e1bbi inform\u00e1ci\u00f3<\/a><br \/>\n                    <time datetime=\"junho 4, 2023\">2023. j\u00fanius 4.<\/time><br \/>\n    <\/article>\n<article data-id=\"2207\">\n            <a href=\"https:\/\/universofamilia.com\/hu\/2207\/dificuldade-de-audicao-em-criancas\/\"><\/a><br \/>\n                <img loading=\"lazy\" width=\"300\" height=\"234\" src=\"http:\/\/universofamilia.com\/wp-content\/uploads\/sites\/148\/2023\/06\/FOTO-DESTAQUE-DIFICULDADE-DE-OUVIR-universo-familia-448x350-1-1-300x234.png\" alt=\"\" decoding=\"async\" srcset=\"http:\/\/universofamilia.com\/wp-content\/uploads\/sites\/148\/2023\/06\/FOTO-DESTAQUE-DIFICULDADE-DE-OUVIR-universo-familia-448x350-1-1-300x234.png 300w, http:\/\/universofamilia.com\/wp-content\/uploads\/sites\/148\/2023\/06\/FOTO-DESTAQUE-DIFICULDADE-DE-OUVIR-universo-familia-448x350-1-1.png 448w\" sizes=\"(max-width: 300px) 100vw, 300px\" \/><\/p>\n<header>\n<h2><a\n                        href=\"https:\/\/universofamilia.com\/hu\/2207\/dificuldade-de-audicao-em-criancas\/\"\n                        title=\"Hall\u00e1sk\u00e1rosod\u00e1s gyermekekn\u00e9l: t\u00fcnetek, ell\u00e1t\u00e1s \u00e9s diagn\u00f3zis\">Hall\u00e1sk\u00e1rosod\u00e1s gyermekekn\u00e9l: t\u00fcnetek, ell\u00e1t\u00e1s \u00e9s diagn\u00f3zis<\/a><\/h2>\n<\/header>\n<p>Hall\u00e1sk\u00e1rosod\u00e1s gyermekekn\u00e9l: t\u00fcnetek, ell\u00e1t\u00e1s \u00e9s diagn\u00f3zis. A\u2026<\/p>\n<p><a\n                            href=\"https:\/\/universofamilia.com\/hu\/2207\/dificuldade-de-audicao-em-criancas\/\"\n                           >Tov\u00e1bbi inform\u00e1ci\u00f3<\/a><br \/>\n                    <time datetime=\"junho 2, 2023\">2023. j\u00fanius 2.<\/time><br \/>\n    <\/article>\n<p>                <button id=\"eael-load-more-btn-7ddf399\" data-widget-id=\"7ddf399\" data-widget=\"7ddf399\" data-page-id=\"2519\" data-template=\"{&quot;dir&quot;:&quot;lite&quot;,&quot;file_name&quot;:&quot;default.php&quot;,&quot;name&quot;:&quot;Post-Grid&quot;}\" data-class=\"Essential_Addons_ElementorElementsPost_Grid\" data-layout=\"grid\" data-page=\"1\" data-args=\"orderby=date&amp;order=desc&amp;ignore_sticky_posts=1&amp;post_status=publish&amp;posts_per_page=9&amp;offset=6&amp;post_type=post&amp;tax_query%5B0%5D%5Btaxonomy%5D=category&amp;tax_query%5B0%5D%5Bfield%5D=term_id&amp;tax_query%5B0%5D%5Bterms%5D%5B0%5D=2&amp;tax_query%5Brelation%5D=AND\" data-max-page=\"3\"><br \/>\n                    Tov\u00e1bbiak bet\u00f6lt\u00e9se<br \/>\n                <\/button><\/p>","protected":false},"excerpt":{"rendered":"<p>Reda\u00e7\u00e3o Universo Fam\u00edlia janeiro 23, 2024 Descubriendo el Embarazo a trav\u00e9s del Tel\u00e9fono Continua ap\u00f3s a publicidade.. El viaje hacia la maternidad a menudo comienza con un simple deseo: saber si est\u00e1s embarazada.&hellip; Reda\u00e7\u00e3o Universo Fam\u00edlia janeiro 13, 2024 Citas cristianas para toda la vida Continua ap\u00f3s a publicidade.. El mundo contempor\u00e1neo presenta desaf\u00edos \u00fanicos [&hellip;]<\/p>","protected":false},"author":0,"featured_media":0,"parent":0,"menu_order":0,"comment_status":"closed","ping_status":"closed","template":"","meta":{"footnotes":""},"yoast_head":"<!-- This site is optimized with the Yoast SEO plugin v23.3 - https:\/\/yoast.com\/wordpress\/plugins\/seo\/ -->\n<title>Curiosidades - Universo Fam\u00edlia<\/title>\n<meta name=\"description\" content=\"Fam\u00edlia, conte\u00fados incr\u00edveis para te ajudar na jornada da vida. Tudo sobre a maternidade, relacionamentos, filhos e muito mais.\" \/>\n<meta name=\"robots\" content=\"index, follow, max-snippet:-1, max-image-preview:large, max-video-preview:-1\" \/>\n<link rel=\"canonical\" href=\"http:\/\/universofamilia.com\/hu\/curiosidades\/\" \/>\n<meta property=\"og:locale\" content=\"hu_HU\" \/>\n<meta property=\"og:type\" content=\"article\" \/>\n<meta property=\"og:title\" content=\"Curiosidades - Universo Fam\u00edlia\" \/>\n<meta property=\"og:description\" content=\"Fam\u00edlia, conte\u00fados incr\u00edveis para te ajudar na jornada da vida. Tudo sobre a maternidade, relacionamentos, filhos e muito mais.\" \/>\n<meta property=\"og:url\" content=\"http:\/\/universofamilia.com\/hu\/curiosidades\/\" \/>\n<meta property=\"og:site_name\" content=\"Universo Fam\u00edlia\" \/>\n<meta property=\"og:image\" content=\"http:\/\/universofamilia.com\/wp-content\/uploads\/sites\/148\/2024\/01\/P-550x350-3-1.jpg\" \/>\n<meta name=\"twitter:card\" content=\"summary_large_image\" \/>\n<meta name=\"twitter:label1\" content=\"Est. reading time\" \/>\n\t<meta name=\"twitter:data1\" content=\"6 perc\" \/>\n<script type=\"application\/ld+json\" class=\"yoast-schema-graph\">{\"@context\":\"https:\/\/schema.org\",\"@graph\":[{\"@type\":\"WebPage\",\"@id\":\"http:\/\/universofamilia.com\/el\/curiosidades\/\",\"url\":\"http:\/\/universofamilia.com\/el\/curiosidades\/\",\"name\":\"Curiosidades - Universo Fam\u00edlia\",\"isPartOf\":{\"@id\":\"http:\/\/universofamilia.com\/zh_hk\/#website\"},\"primaryImageOfPage\":{\"@id\":\"http:\/\/universofamilia.com\/el\/curiosidades\/#primaryimage\"},\"image\":{\"@id\":\"http:\/\/universofamilia.com\/el\/curiosidades\/#primaryimage\"},\"thumbnailUrl\":\"http:\/\/universofamilia.com\/wp-content\/uploads\/sites\/148\/2024\/01\/P-550x350-3-1.jpg\",\"datePublished\":\"2023-06-13T21:39:44+00:00\",\"dateModified\":\"2023-06-13T21:39:44+00:00\",\"description\":\"Fam\u00edlia, conte\u00fados incr\u00edveis para te ajudar na jornada da vida. Tudo sobre a maternidade, relacionamentos, filhos e muito mais.\",\"breadcrumb\":{\"@id\":\"http:\/\/universofamilia.com\/el\/curiosidades\/#breadcrumb\"},\"inLanguage\":\"hu\",\"potentialAction\":[{\"@type\":\"ReadAction\",\"target\":[\"http:\/\/universofamilia.com\/el\/curiosidades\/\"]}]},{\"@type\":\"ImageObject\",\"inLanguage\":\"hu\",\"@id\":\"http:\/\/universofamilia.com\/el\/curiosidades\/#primaryimage\",\"url\":\"http:\/\/universofamilia.com\/wp-content\/uploads\/sites\/148\/2024\/01\/P-550x350-3-1.jpg\",\"contentUrl\":\"http:\/\/universofamilia.com\/wp-content\/uploads\/sites\/148\/2024\/01\/P-550x350-3-1.jpg\"},{\"@type\":\"BreadcrumbList\",\"@id\":\"http:\/\/universofamilia.com\/el\/curiosidades\/#breadcrumb\",\"itemListElement\":[{\"@type\":\"ListItem\",\"position\":1,\"name\":\"Home\",\"item\":\"http:\/\/universofamilia.com\/zh_hk\/\"},{\"@type\":\"ListItem\",\"position\":2,\"name\":\"Curiosidades\"}]},{\"@type\":\"WebSite\",\"@id\":\"http:\/\/universofamilia.com\/zh_hk\/#website\",\"url\":\"http:\/\/universofamilia.com\/zh_hk\/\",\"name\":\"Universo Fam\u00edlia\",\"description\":\"\",\"potentialAction\":[{\"@type\":\"SearchAction\",\"target\":{\"@type\":\"EntryPoint\",\"urlTemplate\":\"http:\/\/universofamilia.com\/zh_hk\/?s={search_term_string}\"},\"query-input\":\"required name=search_term_string\"}],\"inLanguage\":\"hu\"}]}<\/script>\n<!-- \/ Yoast SEO plugin. -->","yoast_head_json":{"title":"Curiosidades - Universo Fam\u00edlia","description":"Fam\u00edlia, conte\u00fados incr\u00edveis para te ajudar na jornada da vida. Tudo sobre a maternidade, relacionamentos, filhos e muito mais.","robots":{"index":"index","follow":"follow","max-snippet":"max-snippet:-1","max-image-preview":"max-image-preview:large","max-video-preview":"max-video-preview:-1"},"canonical":"http:\/\/universofamilia.com\/hu\/curiosidades\/","og_locale":"hu_HU","og_type":"article","og_title":"Curiosidades - Universo Fam\u00edlia","og_description":"Fam\u00edlia, conte\u00fados incr\u00edveis para te ajudar na jornada da vida. Tudo sobre a maternidade, relacionamentos, filhos e muito mais.","og_url":"http:\/\/universofamilia.com\/hu\/curiosidades\/","og_site_name":"Universo Fam\u00edlia","og_image":[{"url":"http:\/\/universofamilia.com\/wp-content\/uploads\/sites\/148\/2024\/01\/P-550x350-3-1.jpg"}],"twitter_card":"summary_large_image","twitter_misc":{"Est. reading time":"6 perc"},"schema":{"@context":"https:\/\/schema.org","@graph":[{"@type":"WebPage","@id":"http:\/\/universofamilia.com\/el\/curiosidades\/","url":"http:\/\/universofamilia.com\/el\/curiosidades\/","name":"Curiosidades - Universo Fam\u00edlia","isPartOf":{"@id":"http:\/\/universofamilia.com\/zh_hk\/#website"},"primaryImageOfPage":{"@id":"http:\/\/universofamilia.com\/el\/curiosidades\/#primaryimage"},"image":{"@id":"http:\/\/universofamilia.com\/el\/curiosidades\/#primaryimage"},"thumbnailUrl":"http:\/\/universofamilia.com\/wp-content\/uploads\/sites\/148\/2024\/01\/P-550x350-3-1.jpg","datePublished":"2023-06-13T21:39:44+00:00","dateModified":"2023-06-13T21:39:44+00:00","description":"Fam\u00edlia, conte\u00fados incr\u00edveis para te ajudar na jornada da vida. Tudo sobre a maternidade, relacionamentos, filhos e muito mais.","breadcrumb":{"@id":"http:\/\/universofamilia.com\/el\/curiosidades\/#breadcrumb"},"inLanguage":"hu","potentialAction":[{"@type":"ReadAction","target":["http:\/\/universofamilia.com\/el\/curiosidades\/"]}]},{"@type":"ImageObject","inLanguage":"hu","@id":"http:\/\/universofamilia.com\/el\/curiosidades\/#primaryimage","url":"http:\/\/universofamilia.com\/wp-content\/uploads\/sites\/148\/2024\/01\/P-550x350-3-1.jpg","contentUrl":"http:\/\/universofamilia.com\/wp-content\/uploads\/sites\/148\/2024\/01\/P-550x350-3-1.jpg"},{"@type":"BreadcrumbList","@id":"http:\/\/universofamilia.com\/el\/curiosidades\/#breadcrumb","itemListElement":[{"@type":"ListItem","position":1,"name":"Home","item":"http:\/\/universofamilia.com\/zh_hk\/"},{"@type":"ListItem","position":2,"name":"Curiosidades"}]},{"@type":"WebSite","@id":"http:\/\/universofamilia.com\/zh_hk\/#website","url":"http:\/\/universofamilia.com\/zh_hk\/","name":"Universo Fam\u00edlia","description":"","potentialAction":[{"@type":"SearchAction","target":{"@type":"EntryPoint","urlTemplate":"http:\/\/universofamilia.com\/zh_hk\/?s={search_term_string}"},"query-input":"required name=search_term_string"}],"inLanguage":"hu"}]}},"_links":{"self":[{"href":"http:\/\/universofamilia.com\/hu\/wp-json\/wp\/v2\/pages\/2519"}],"collection":[{"href":"http:\/\/universofamilia.com\/hu\/wp-json\/wp\/v2\/pages"}],"about":[{"href":"http:\/\/universofamilia.com\/hu\/wp-json\/wp\/v2\/types\/page"}],"replies":[{"embeddable":true,"href":"http:\/\/universofamilia.com\/hu\/wp-json\/wp\/v2\/comments?post=2519"}],"version-history":[{"count":0,"href":"http:\/\/universofamilia.com\/hu\/wp-json\/wp\/v2\/pages\/2519\/revisions"}],"wp:attachment":[{"href":"http:\/\/universofamilia.com\/hu\/wp-json\/wp\/v2\/media?parent=2519"}],"curies":[{"name":"wp","href":"https:\/\/api.w.org\/{rel}","templated":true}]}}