{"id":2519,"date":"2023-06-13T18:39:44","date_gmt":"2023-06-13T21:39:44","guid":{"rendered":"https:\/\/universofamilia.com\/?page_id=2519"},"modified":"2023-06-13T18:39:44","modified_gmt":"2023-06-13T21:39:44","slug":"curiosidades","status":"publish","type":"page","link":"http:\/\/universofamilia.com\/pl\/curiosidades\/","title":{"rendered":"Ciekawostki"},"content":{"rendered":"<p><a href=\"https:\/\/universofamilia.com\/pl\/4954\/descubriendo-el-embarazo-a-traves-del-telefono\/\"><br \/>\n                                        <img decoding=\"async\" src=\"http:\/\/universofamilia.com\/wp-content\/uploads\/sites\/148\/2024\/01\/P-550x350-3-1.jpg\" alt=\"Odkrywanie ci\u0105\u017cy przez telefon\"><br \/>\n                                    <\/a><!-- .elementskit-entry-thumb END --><br \/>\n\t\t\t\t\t\t\t\t\t\t\t\t\t\t\t\t\t\t\t\t<a href=\"https:\/\/universofamilia.com\/pl\/author\/universofamlia\/\">Reda\u00e7\u00e3o Universo Fam\u00edlia<\/a><br \/>\n\t\t\t\t\t\t\t\t\t\t\t23 stycznia 2024 r.\t\t\t\t\t\t\t\t\t\t<\/p>\n<h2>\n\t\t\t\t\t<a href=\"https:\/\/universofamilia.com\/pl\/4954\/descubriendo-el-embarazo-a-traves-del-telefono\/\"><br \/>\n\t\t\t\t\t\tOdkrywanie ci\u0105\u017cy przez telefon\t\t\t\t\t<\/a><br \/>\n\t\t\t\t<\/h2>\n<p>\t\t\t                                                                                <!-- .elementskit-entry-header END --><\/p>\n<p>Ci\u0105g dalszy po reklamie.. Droga do macierzy\u0144stwa cz\u0119sto zaczyna si\u0119 od prostego pragnienia: dowiedzie\u0107 si\u0119, czy jest si\u0119 w ci\u0105\u017cy.\u2026<\/p>\n<p>                                                                                                                                <!-- .elementskit-post-footer END --><br \/>\n                                                                    <!-- .elementskit-post-body END --><br \/>\n                    <!-- .elementskit-blog-block-post .radius .gradient-bg END --><br \/>\n                                    <a href=\"https:\/\/universofamilia.com\/pl\/4865\/citas-cristianas-para-toda-la-vida\/\"><br \/>\n                                        <img decoding=\"async\" src=\"http:\/\/universofamilia.com\/wp-content\/uploads\/sites\/148\/2024\/01\/P-550x350-3.jpg\" alt=\"Chrze\u015bcija\u0144skie cytaty na \u017cycie\"><br \/>\n                                    <\/a><!-- .elementskit-entry-thumb END --><br \/>\n\t\t\t\t\t\t\t\t\t\t\t\t\t\t\t\t\t\t\t\t<a href=\"https:\/\/universofamilia.com\/pl\/author\/universofamlia\/\">Reda\u00e7\u00e3o Universo Fam\u00edlia<\/a><br \/>\n\t\t\t\t\t\t\t\t\t\t\t13 stycznia 2024 r.\t\t\t\t\t\t\t\t\t\t<\/p>\n<h2>\n\t\t\t\t\t<a href=\"https:\/\/universofamilia.com\/pl\/4865\/citas-cristianas-para-toda-la-vida\/\"><br \/>\n\t\t\t\t\t\tChrze\u015bcija\u0144skie cytaty na \u017cycie\t\t\t\t\t<\/a><br \/>\n\t\t\t\t<\/h2>\n<p>\t\t\t                                                                                <!-- .elementskit-entry-header END --><\/p>\n<p>Ci\u0105g dalszy po reklamie... Wsp\u00f3\u0142czesny \u015bwiat stawia wyj\u0105tkowe wyzwania przed chrze\u015bcijanami poszukuj\u0105cymi znacz\u0105cych relacji. W tym...<\/p>\n<p>                                                                                                                                <!-- .elementskit-post-footer END --><br \/>\n                                                                    <!-- .elementskit-post-body END --><br \/>\n                    <!-- .elementskit-blog-block-post .radius .gradient-bg END --><br \/>\n                                    <a href=\"https:\/\/universofamilia.com\/pl\/4839\/sabes-quien-esta-viendo-tu-perfil\/\"><br \/>\n                                        <img decoding=\"async\" src=\"http:\/\/universofamilia.com\/wp-content\/uploads\/sites\/148\/2024\/01\/P-550x350-4.png\" alt=\"Czy wiesz, kto ogl\u0105da Tw\u00f3j profil?\"><br \/>\n                                    <\/a><!-- .elementskit-entry-thumb END --><br \/>\n\t\t\t\t\t\t\t\t\t\t\t\t\t\t\t\t\t\t\t\t<a href=\"https:\/\/universofamilia.com\/pl\/author\/universofamlia\/\">Reda\u00e7\u00e3o Universo Fam\u00edlia<\/a><br \/>\n\t\t\t\t\t\t\t\t\t\t\t2 stycznia 2024 r.\t\t\t\t\t\t\t\t\t\t<\/p>\n<h2>\n\t\t\t\t\t<a href=\"https:\/\/universofamilia.com\/pl\/4839\/sabes-quien-esta-viendo-tu-perfil\/\"><br \/>\n\t\t\t\t\t\tCzy wiesz, kto ogl\u0105da Tw\u00f3j profil?\t\t\t\t\t<\/a><br \/>\n\t\t\t\t<\/h2>\n<p>\t\t\t                                                                                <!-- .elementskit-entry-header END --><\/p>\n<p>Ci\u0105g dalszy po reklamie... W dzisiejszym cyfrowym \u015bwiecie, w kt\u00f3rym media spo\u0142eczno\u015bciowe odgrywaj\u0105 fundamentaln\u0105 rol\u0119 w naszym \u017cyciu,\u2026<\/p>\n<p>                                                                                                                                <!-- .elementskit-post-footer END --><br \/>\n                                                                    <!-- .elementskit-post-body END --><br \/>\n                    <!-- .elementskit-blog-block-post .radius .gradient-bg END --><br \/>\n                                    <a href=\"https:\/\/universofamilia.com\/pl\/4829\/aprende-a-tocar-la-guitarra-de-forma-facil-y-practica\/\"><br \/>\n                                        <img decoding=\"async\" src=\"http:\/\/universofamilia.com\/wp-content\/uploads\/sites\/148\/2023\/12\/P-550x350-3-2.jpg\" alt=\"Naucz si\u0119 gra\u0107 na gitarze \u0142atwo i praktycznie\"><br \/>\n                                    <\/a><!-- .elementskit-entry-thumb END --><br \/>\n\t\t\t\t\t\t\t\t\t\t\t\t\t\t\t\t\t\t\t\t<a href=\"https:\/\/universofamilia.com\/pl\/author\/universofamlia\/\">Reda\u00e7\u00e3o Universo Fam\u00edlia<\/a><br \/>\n\t\t\t\t\t\t\t\t\t\t\t31 grudnia 2023 r.\t\t\t\t\t\t\t\t\t\t<\/p>\n<h2>\n\t\t\t\t\t<a href=\"https:\/\/universofamilia.com\/pl\/4829\/aprende-a-tocar-la-guitarra-de-forma-facil-y-practica\/\"><br \/>\n\t\t\t\t\t\tNaucz si\u0119 gra\u0107 na gitarze prawid\u0142owo\u2026\t\t\t\t\t<\/a><br \/>\n\t\t\t\t<\/h2>\n<p>\t\t\t                                                                                <!-- .elementskit-entry-header END --><\/p>\n<p>Ci\u0105g dalszy po reklamie... Era cyfrowa przynios\u0142a ze sob\u0105 rewolucj\u0119 w uczeniu si\u0119 w wielu segmentach, a...<\/p>\n<p>                                                                                                                                <!-- .elementskit-post-footer END --><br \/>\n                                                                    <!-- .elementskit-post-body END --><br \/>\n                    <!-- .elementskit-blog-block-post .radius .gradient-bg END --><br \/>\n                                    <a href=\"https:\/\/universofamilia.com\/pl\/4820\/la-era-de-las-aplicaciones-ahorrando-en-los-pasajes-aereos\/\"><br \/>\n                                        <img decoding=\"async\" src=\"http:\/\/universofamilia.com\/wp-content\/uploads\/sites\/148\/2023\/12\/P-550x350-3-1.jpg\" alt=\"Era aplikacji: oszcz\u0119dzanie na biletach lotniczych\"><br \/>\n                                    <\/a><!-- .elementskit-entry-thumb END --><br \/>\n\t\t\t\t\t\t\t\t\t\t\t\t\t\t\t\t\t\t\t\t<a href=\"https:\/\/universofamilia.com\/pl\/author\/universofamlia\/\">Reda\u00e7\u00e3o Universo Fam\u00edlia<\/a><br \/>\n\t\t\t\t\t\t\t\t\t\t\t29 grudnia 2023 r.\t\t\t\t\t\t\t\t\t\t<\/p>\n<h2>\n\t\t\t\t\t<a href=\"https:\/\/universofamilia.com\/pl\/4820\/la-era-de-las-aplicaciones-ahorrando-en-los-pasajes-aereos\/\"><br \/>\n\t\t\t\t\t\tEra aplikacji: oszcz\u0119dzanie na\u2026\t\t\t\t\t<\/a><br \/>\n\t\t\t\t<\/h2>\n<p>\t\t\t                                                                                <!-- .elementskit-entry-header END --><\/p>\n<p>Podr\u00f3\u017cowanie to wzbogacaj\u0105ce do\u015bwiadczenie, ale koszt biletu lotniczego cz\u0119sto mo\u017ce by\u0107\u2026<\/p>\n<p>                                                                                                                                <!-- .elementskit-post-footer END --><br \/>\n                                                                    <!-- .elementskit-post-body END --><br \/>\n                    <!-- .elementskit-blog-block-post .radius .gradient-bg END --><br \/>\n                                    <a href=\"https:\/\/universofamilia.com\/pl\/3989\/preparacao-para-a-segunda-gravidez\/\"><br \/>\n                                        <img decoding=\"async\" src=\"http:\/\/universofamilia.com\/wp-content\/uploads\/sites\/148\/2023\/09\/D-UNIVERSO-FAMILIA-Preparacao-para-a-Segunda-Gravidez.png\" alt=\"Przygotowanie do drugiej ci\u0105\u017cy\"><br \/>\n                                    <\/a><!-- .elementskit-entry-thumb END --><br \/>\n\t\t\t\t\t\t\t\t\t\t\t\t\t\t\t\t\t\t\t\t<a href=\"https:\/\/universofamilia.com\/pl\/author\/universofamlia\/\">Reda\u00e7\u00e3o Universo Fam\u00edlia<\/a><br \/>\n\t\t\t\t\t\t\t\t\t\t\t22 wrze\u015bnia 2023 r.\t\t\t\t\t\t\t\t\t\t<\/p>\n<h2>\n\t\t\t\t\t<a href=\"https:\/\/universofamilia.com\/pl\/3989\/preparacao-para-a-segunda-gravidez\/\"><br \/>\n\t\t\t\t\t\tPrzygotowanie do drugiej ci\u0105\u017cy\t\t\t\t\t<\/a><br \/>\n\t\t\t\t<\/h2>\n<p>\t\t\t                                                                                <!-- .elementskit-entry-header END --><\/p>\n<p>Kontynuuj po reklamie.. Przygotowania do drugiej ci\u0105\u017cy. Zastanawiasz si\u0119, czy jeste\u015b gotowa na swojego drugiego syna?\u2026<\/p>\n<p>                                                                                                                                <!-- .elementskit-post-footer END --><br \/>\n                                                                    <!-- .elementskit-post-body END --><br \/>\n                    <!-- .elementskit-blog-block-post .radius .gradient-bg END --><\/p>\n<article data-id=\"3627\">\n            <a href=\"https:\/\/universofamilia.com\/pl\/3627\/os-10-utensilios-indispensaveis-para-a-introducao-alimentar-de-bebes\/\"><\/a><br \/>\n                <img loading=\"lazy\" width=\"300\" height=\"234\" src=\"http:\/\/universofamilia.com\/wp-content\/uploads\/sites\/148\/2023\/08\/DESTAQUE-utensilios-para-introducao-alimentar-universo-familia--300x234.png\" alt=\"\" decoding=\"async\" srcset=\"http:\/\/universofamilia.com\/wp-content\/uploads\/sites\/148\/2023\/08\/DESTAQUE-utensilios-para-introducao-alimentar-universo-familia--300x234.png 300w, http:\/\/universofamilia.com\/wp-content\/uploads\/sites\/148\/2023\/08\/DESTAQUE-utensilios-para-introducao-alimentar-universo-familia--150x117.png 150w, http:\/\/universofamilia.com\/wp-content\/uploads\/sites\/148\/2023\/08\/DESTAQUE-utensilios-para-introducao-alimentar-universo-familia-.png 448w\" sizes=\"(max-width: 300px) 100vw, 300px\" \/><\/p>\n<header>\n<h2><a\n                        href=\"https:\/\/universofamilia.com\/pl\/3627\/os-10-utensilios-indispensaveis-para-a-introducao-alimentar-de-bebes\/\"\n                        title=\"10 niezb\u0119dnych przybor\u00f3w do rozpocz\u0119cia karmienia dziecka\">10 niezb\u0119dnych przybor\u00f3w do rozpocz\u0119cia karmienia dziecka<\/a><\/h2>\n<\/header>\n<p>Kontynuuj reklam\u0119.. 10 niezb\u0119dnych przybor\u00f3w kuchennych do\u2026<\/p>\n<p><a\n                            href=\"https:\/\/universofamilia.com\/pl\/3627\/os-10-utensilios-indispensaveis-para-a-introducao-alimentar-de-bebes\/\"\n                           >Przeczytaj wi\u0119cej<\/a><br \/>\n                    <time datetime=\"agosto 24, 2023\">24 sierpnia 2023 r.<\/time><br \/>\n    <\/article>\n<article data-id=\"3622\">\n            <a href=\"https:\/\/universofamilia.com\/pl\/3622\/cantando-para-nossos-bebes\/\"><\/a><br \/>\n                <img loading=\"lazy\" width=\"300\" height=\"234\" src=\"http:\/\/universofamilia.com\/wp-content\/uploads\/sites\/148\/2023\/08\/DESTAQUE-cantando-para-as-criancas-universo-familia--300x234.png\" alt=\"\" decoding=\"async\" srcset=\"http:\/\/universofamilia.com\/wp-content\/uploads\/sites\/148\/2023\/08\/DESTAQUE-cantando-para-as-criancas-universo-familia--300x234.png 300w, http:\/\/universofamilia.com\/wp-content\/uploads\/sites\/148\/2023\/08\/DESTAQUE-cantando-para-as-criancas-universo-familia--150x117.png 150w, http:\/\/universofamilia.com\/wp-content\/uploads\/sites\/148\/2023\/08\/DESTAQUE-cantando-para-as-criancas-universo-familia-.png 448w\" sizes=\"(max-width: 300px) 100vw, 300px\" \/><\/p>\n<header>\n<h2><a\n                        href=\"https:\/\/universofamilia.com\/pl\/3622\/cantando-para-nossos-bebes\/\"\n                        title=\"\u015apiewanie dla naszych dzieci: 5 utwor\u00f3w muzycznych z czaruj\u0105cymi tekstami i fascynuj\u0105cym pochodzeniem\">\u015apiewanie dla naszych dzieci: 5 utwor\u00f3w muzycznych z czaruj\u0105cymi tekstami i fascynuj\u0105cym pochodzeniem<\/a><\/h2>\n<\/header>\n<p>Kontynuuj po reklamie.. \u015apiewamy dla naszych dzieci, 5 piosenek\u2026<\/p>\n<p><a\n                            href=\"https:\/\/universofamilia.com\/pl\/3622\/cantando-para-nossos-bebes\/\"\n                           >Przeczytaj wi\u0119cej<\/a><br \/>\n                    <time datetime=\"agosto 23, 2023\">23 sierpnia 2023 r.<\/time><br \/>\n    <\/article>\n<article data-id=\"2973\">\n            <a href=\"https:\/\/universofamilia.com\/pl\/2973\/os-7-erros-que-quase-toda-mae-comete-sobre-maternidade\/\"><\/a><br \/>\n                <img loading=\"lazy\" width=\"300\" height=\"234\" src=\"http:\/\/universofamilia.com\/wp-content\/uploads\/sites\/148\/2023\/06\/DESTAQUE-7-ERROS-MATERNIDADE-universo-familia--300x234.png\" alt=\"\" decoding=\"async\" srcset=\"http:\/\/universofamilia.com\/wp-content\/uploads\/sites\/148\/2023\/06\/DESTAQUE-7-ERROS-MATERNIDADE-universo-familia--300x234.png 300w, http:\/\/universofamilia.com\/wp-content\/uploads\/sites\/148\/2023\/06\/DESTAQUE-7-ERROS-MATERNIDADE-universo-familia-.png 448w\" sizes=\"(max-width: 300px) 100vw, 300px\" \/><\/p>\n<header>\n<h2><a\n                        href=\"https:\/\/universofamilia.com\/pl\/2973\/os-7-erros-que-quase-toda-mae-comete-sobre-maternidade\/\"\n                        title=\"7 b\u0142\u0119d\u00f3w, kt\u00f3re pope\u0142nia ka\u017cdy w zwi\u0105zku z macierzy\u0144stwem\">7 b\u0142\u0119d\u00f3w, kt\u00f3re pope\u0142nia ka\u017cdy w zwi\u0105zku z macierzy\u0144stwem<\/a><\/h2>\n<\/header>\n<p>Kontynuuj reklam\u0119.. 7 b\u0142\u0119d\u00f3w, kt\u00f3re (prawie) wszystkie\u2026<\/p>\n<p><a\n                            href=\"https:\/\/universofamilia.com\/pl\/2973\/os-7-erros-que-quase-toda-mae-comete-sobre-maternidade\/\"\n                           >Przeczytaj wi\u0119cej<\/a><br \/>\n                    <time datetime=\"junho 22, 2023\">22 czerwca 2023 r.<\/time><br \/>\n    <\/article>\n<article data-id=\"2309\">\n            <a href=\"https:\/\/universofamilia.com\/pl\/2309\/a-importancia-de-comemorar-o-dia-dos-namorados\/\"><\/a><br \/>\n                <img loading=\"lazy\" width=\"300\" height=\"234\" src=\"http:\/\/universofamilia.com\/wp-content\/uploads\/sites\/148\/2023\/06\/FOTO-DESTAQUE-Como-Surpreender-Minha-Esposa-universo-familia-448x350-1-1-300x234.png\" alt=\"\" decoding=\"async\" srcset=\"http:\/\/universofamilia.com\/wp-content\/uploads\/sites\/148\/2023\/06\/FOTO-DESTAQUE-Como-Surpreender-Minha-Esposa-universo-familia-448x350-1-1-300x234.png 300w, http:\/\/universofamilia.com\/wp-content\/uploads\/sites\/148\/2023\/06\/FOTO-DESTAQUE-Como-Surpreender-Minha-Esposa-universo-familia-448x350-1-1.png 448w\" sizes=\"(max-width: 300px) 100vw, 300px\" \/><\/p>\n<header>\n<h2><a\n                        href=\"https:\/\/universofamilia.com\/pl\/2309\/a-importancia-de-comemorar-o-dia-dos-namorados\/\"\n                        title=\"Znaczenie upami\u0119tniania Walentynek\">Znaczenie upami\u0119tniania Walentynek<\/a><\/h2>\n<\/header>\n<p>Znaczenie upami\u0119tniania Walentynek. Albo dnia...<\/p>\n<p><a\n                            href=\"https:\/\/universofamilia.com\/pl\/2309\/a-importancia-de-comemorar-o-dia-dos-namorados\/\"\n                           >Przeczytaj wi\u0119cej<\/a><br \/>\n                    <time datetime=\"junho 8, 2023\">8 czerwca 2023 r.<\/time><br \/>\n    <\/article>\n<article data-id=\"2242\">\n            <a href=\"https:\/\/universofamilia.com\/pl\/2242\/quais-os-ciclos-do-sono-do-bebe\/\"><\/a><br \/>\n                <img loading=\"lazy\" width=\"300\" height=\"234\" src=\"http:\/\/universofamilia.com\/wp-content\/uploads\/sites\/148\/2023\/06\/FOTO-DESTAQUE-ciclos-de-sono-do-bebe-universo-familia-448x350--300x234.png\" alt=\"\" decoding=\"async\" srcset=\"http:\/\/universofamilia.com\/wp-content\/uploads\/sites\/148\/2023\/06\/FOTO-DESTAQUE-ciclos-de-sono-do-bebe-universo-familia-448x350--300x234.png 300w, http:\/\/universofamilia.com\/wp-content\/uploads\/sites\/148\/2023\/06\/FOTO-DESTAQUE-ciclos-de-sono-do-bebe-universo-familia-448x350-.png 448w\" sizes=\"(max-width: 300px) 100vw, 300px\" \/><\/p>\n<header>\n<h2><a\n                        href=\"https:\/\/universofamilia.com\/pl\/2242\/quais-os-ciclos-do-sono-do-bebe\/\"\n                        title=\"Quais the Baby Sound Cycles\">Quais the Baby Sound Cycles<\/a><\/h2>\n<\/header>\n<p>Kiedy dziecko przechodzi przez cykle d\u017awi\u0119kowe \u2013 zrozum je i pom\u00f3\u017c\u2026<\/p>\n<p><a\n                            href=\"https:\/\/universofamilia.com\/pl\/2242\/quais-os-ciclos-do-sono-do-bebe\/\"\n                           >Przeczytaj wi\u0119cej<\/a><br \/>\n                    <time datetime=\"junho 5, 2023\">5 czerwca 2023 r.<\/time><br \/>\n    <\/article>\n<article data-id=\"2236\">\n            <a href=\"https:\/\/universofamilia.com\/pl\/2236\/dicas-de-seguranca-para-o-sono-do-bebe-escolha-do-local-posicao-colchao-e-muito-mais\/\"><\/a><br \/>\n                <img loading=\"lazy\" width=\"300\" height=\"234\" src=\"http:\/\/universofamilia.com\/wp-content\/uploads\/sites\/148\/2023\/06\/FOTO-DESTAQUE-SEGURANCA-DO-BEBE-universo-familia-448x350--300x234.png\" alt=\"\" decoding=\"async\" srcset=\"http:\/\/universofamilia.com\/wp-content\/uploads\/sites\/148\/2023\/06\/FOTO-DESTAQUE-SEGURANCA-DO-BEBE-universo-familia-448x350--300x234.png 300w, http:\/\/universofamilia.com\/wp-content\/uploads\/sites\/148\/2023\/06\/FOTO-DESTAQUE-SEGURANCA-DO-BEBE-universo-familia-448x350-.png 448w\" sizes=\"(max-width: 300px) 100vw, 300px\" \/><\/p>\n<header>\n<h2><a\n                        href=\"https:\/\/universofamilia.com\/pl\/2236\/dicas-de-seguranca-para-o-sono-do-bebe-escolha-do-local-posicao-colchao-e-muito-mais\/\"\n                        title=\"Instrukcje bezpiecze\u0144stwa dotycz\u0105ce d\u017awi\u0119ku dziecka\">Instrukcje bezpiecze\u0144stwa dotycz\u0105ce d\u017awi\u0119ku dziecka<\/a><\/h2>\n<\/header>\n<p>Instrukcje bezpiecze\u0144stwa dla synka dziecka: escolha do\u2026<\/p>\n<p><a\n                            href=\"https:\/\/universofamilia.com\/pl\/2236\/dicas-de-seguranca-para-o-sono-do-bebe-escolha-do-local-posicao-colchao-e-muito-mais\/\"\n                           >Przeczytaj wi\u0119cej<\/a><br \/>\n                    <time datetime=\"junho 5, 2023\">5 czerwca 2023 r.<\/time><br \/>\n    <\/article>\n<article data-id=\"2227\">\n            <a href=\"https:\/\/universofamilia.com\/pl\/2227\/o-que-influencia-o-sono-do-bebe\/\"><\/a><br \/>\n                <img loading=\"lazy\" width=\"300\" height=\"234\" src=\"http:\/\/universofamilia.com\/wp-content\/uploads\/sites\/148\/2023\/06\/FOTO-DESTAQUE-DIFICULDADE-DE-OUVIRDIFICULDADE-DE-DORMIR-universo-familia-448x350-1-300x234.png\" alt=\"\" decoding=\"async\" srcset=\"http:\/\/universofamilia.com\/wp-content\/uploads\/sites\/148\/2023\/06\/FOTO-DESTAQUE-DIFICULDADE-DE-OUVIRDIFICULDADE-DE-DORMIR-universo-familia-448x350-1-300x234.png 300w, http:\/\/universofamilia.com\/wp-content\/uploads\/sites\/148\/2023\/06\/FOTO-DESTAQUE-DIFICULDADE-DE-OUVIRDIFICULDADE-DE-DORMIR-universo-familia-448x350-1.png 448w\" sizes=\"(max-width: 300px) 100vw, 300px\" \/><\/p>\n<header>\n<h2><a\n                        href=\"https:\/\/universofamilia.com\/pl\/2227\/o-que-influencia-o-sono-do-bebe\/\"\n                        title=\"O Que Influence no Sono do Be | Ber\u00e7o, wsp\u00f3lne \u0142\u00f3\u017cko czy Montessoriana?\">O Que Influence no Sono do Be | Ber\u00e7o, wsp\u00f3lne \u0142\u00f3\u017cko czy Montessoriana?<\/a><\/h2>\n<\/header>\n<p>O Que Influencia no Sono do Be: Ber\u00e7o, Cama Compartilhada\u2026<\/p>\n<p><a\n                            href=\"https:\/\/universofamilia.com\/pl\/2227\/o-que-influencia-o-sono-do-bebe\/\"\n                           >Przeczytaj wi\u0119cej<\/a><br \/>\n                    <time datetime=\"junho 5, 2023\">5 czerwca 2023 r.<\/time><br \/>\n    <\/article>\n<article data-id=\"2218\">\n            <a href=\"https:\/\/universofamilia.com\/pl\/2218\/meu-bebe-dorme-mal\/\"><\/a><br \/>\n                <img loading=\"lazy\" width=\"300\" height=\"234\" src=\"http:\/\/universofamilia.com\/wp-content\/uploads\/sites\/148\/2023\/06\/FOTO-DESTAQUE-DIFICULDADE-DE-OUVIRDIFICULDADE-DE-DORMIR-universo-familia-448x350-1-1-300x234.png\" alt=\"\" decoding=\"async\" srcset=\"http:\/\/universofamilia.com\/wp-content\/uploads\/sites\/148\/2023\/06\/FOTO-DESTAQUE-DIFICULDADE-DE-OUVIRDIFICULDADE-DE-DORMIR-universo-familia-448x350-1-1-300x234.png 300w, http:\/\/universofamilia.com\/wp-content\/uploads\/sites\/148\/2023\/06\/FOTO-DESTAQUE-DIFICULDADE-DE-OUVIRDIFICULDADE-DE-DORMIR-universo-familia-448x350-1-1.png 448w\" sizes=\"(max-width: 300px) 100vw, 300px\" \/><\/p>\n<header>\n<h2><a\n                        href=\"https:\/\/universofamilia.com\/pl\/2218\/meu-bebe-dorme-mal\/\"\n                        title=\"Moje dziecko \u017ale \u015bpi\">Moje dziecko \u017ale \u015bpi<\/a><\/h2>\n<\/header>\n<p>Moje dziecko \u017ale \u015bpi. Oto 5 najcz\u0119stszych b\u0142\u0119d\u00f3w, kt\u00f3re...<\/p>\n<p><a\n                            href=\"https:\/\/universofamilia.com\/pl\/2218\/meu-bebe-dorme-mal\/\"\n                           >Przeczytaj wi\u0119cej<\/a><br \/>\n                    <time datetime=\"junho 4, 2023\">4 czerwca 2023 r.<\/time><br \/>\n    <\/article>\n<article data-id=\"2207\">\n            <a href=\"https:\/\/universofamilia.com\/pl\/2207\/dificuldade-de-audicao-em-criancas\/\"><\/a><br \/>\n                <img loading=\"lazy\" width=\"300\" height=\"234\" src=\"http:\/\/universofamilia.com\/wp-content\/uploads\/sites\/148\/2023\/06\/FOTO-DESTAQUE-DIFICULDADE-DE-OUVIR-universo-familia-448x350-1-1-300x234.png\" alt=\"\" decoding=\"async\" srcset=\"http:\/\/universofamilia.com\/wp-content\/uploads\/sites\/148\/2023\/06\/FOTO-DESTAQUE-DIFICULDADE-DE-OUVIR-universo-familia-448x350-1-1-300x234.png 300w, http:\/\/universofamilia.com\/wp-content\/uploads\/sites\/148\/2023\/06\/FOTO-DESTAQUE-DIFICULDADE-DE-OUVIR-universo-familia-448x350-1-1.png 448w\" sizes=\"(max-width: 300px) 100vw, 300px\" \/><\/p>\n<header>\n<h2><a\n                        href=\"https:\/\/universofamilia.com\/pl\/2207\/dificuldade-de-audicao-em-criancas\/\"\n                        title=\"Trudno\u015bci ze s\u0142uchem u dzieci: objawy, opieka i diagnoza\">Trudno\u015bci ze s\u0142uchem u dzieci: objawy, opieka i diagnoza<\/a><\/h2>\n<\/header>\n<p>Trudno\u015bci ze s\u0142uchem u dzieci: objawy, opieka i diagnoza. DO\u2026<\/p>\n<p><a\n                            href=\"https:\/\/universofamilia.com\/pl\/2207\/dificuldade-de-audicao-em-criancas\/\"\n                           >Przeczytaj wi\u0119cej<\/a><br \/>\n                    <time datetime=\"junho 2, 2023\">2 czerwca 2023 r.<\/time><br \/>\n    <\/article>\n<p>                <button id=\"eael-load-more-btn-7ddf399\" data-widget-id=\"7ddf399\" data-widget=\"7ddf399\" data-page-id=\"2519\" data-template=\"{&quot;dir&quot;:&quot;lite&quot;,&quot;file_name&quot;:&quot;default.php&quot;,&quot;name&quot;:&quot;Post-Grid&quot;}\" data-class=\"Essential_Addons_ElementorElementsPost_Grid\" data-layout=\"grid\" data-page=\"1\" data-args=\"orderby=date&amp;order=desc&amp;ignore_sticky_posts=1&amp;post_status=publish&amp;posts_per_page=9&amp;offset=6&amp;post_type=post&amp;tax_query%5B0%5D%5Btaxonomy%5D=category&amp;tax_query%5B0%5D%5Bfield%5D=term_id&amp;tax_query%5B0%5D%5Bterms%5D%5B0%5D=2&amp;tax_query%5Brelation%5D=AND\" data-max-page=\"3\"><br \/>\n                    Za\u0142aduj wi\u0119cej<br \/>\n                <\/button><\/p>","protected":false},"excerpt":{"rendered":"<p>Artyku\u0142 redakcyjny Family Universe, 23 stycznia 2024 r. Odkrywanie ci\u0105\u017cy przez telefon, ci\u0105g dalszy po reklamie. Droga do macierzy\u0144stwa cz\u0119sto zaczyna si\u0119 od prostego pragnienia: dowiedzie\u0107 si\u0119, czy jest si\u0119 w ci\u0105\u017cy.\u2026 Artyku\u0142 redakcyjny Family Universe, 13 stycznia 2024 r. Chrze\u015bcija\u0144skie cytaty na ca\u0142e \u017cycie, ci\u0105g dalszy po reklamie. Wsp\u00f3\u0142czesny \u015bwiat stawia przed nami wyj\u0105tkowe wyzwania [\u2026]<\/p>","protected":false},"author":0,"featured_media":0,"parent":0,"menu_order":0,"comment_status":"closed","ping_status":"closed","template":"","meta":{"footnotes":""},"yoast_head":"<!-- This site is optimized with the Yoast SEO plugin v23.3 - https:\/\/yoast.com\/wordpress\/plugins\/seo\/ -->\n<title>Curiosidades - Universo Fam\u00edlia<\/title>\n<meta name=\"description\" content=\"Fam\u00edlia, conte\u00fados incr\u00edveis para te ajudar na jornada da vida. Tudo sobre a maternidade, relacionamentos, filhos e muito mais.\" \/>\n<meta name=\"robots\" content=\"index, follow, max-snippet:-1, max-image-preview:large, max-video-preview:-1\" \/>\n<link rel=\"canonical\" href=\"http:\/\/universofamilia.com\/pl\/curiosidades\/\" \/>\n<meta property=\"og:locale\" content=\"pl_PL\" \/>\n<meta property=\"og:type\" content=\"article\" \/>\n<meta property=\"og:title\" content=\"Curiosidades - Universo Fam\u00edlia\" \/>\n<meta property=\"og:description\" content=\"Fam\u00edlia, conte\u00fados incr\u00edveis para te ajudar na jornada da vida. Tudo sobre a maternidade, relacionamentos, filhos e muito mais.\" \/>\n<meta property=\"og:url\" content=\"http:\/\/universofamilia.com\/pl\/curiosidades\/\" \/>\n<meta property=\"og:site_name\" content=\"Universo Fam\u00edlia\" \/>\n<meta property=\"og:image\" content=\"http:\/\/universofamilia.com\/wp-content\/uploads\/sites\/148\/2024\/01\/P-550x350-3-1.jpg\" \/>\n<meta name=\"twitter:card\" content=\"summary_large_image\" \/>\n<meta name=\"twitter:label1\" content=\"Est. reading time\" \/>\n\t<meta name=\"twitter:data1\" content=\"6 minut\" \/>\n<script type=\"application\/ld+json\" class=\"yoast-schema-graph\">{\"@context\":\"https:\/\/schema.org\",\"@graph\":[{\"@type\":\"WebPage\",\"@id\":\"http:\/\/universofamilia.com\/el\/curiosidades\/\",\"url\":\"http:\/\/universofamilia.com\/el\/curiosidades\/\",\"name\":\"Curiosidades - Universo Fam\u00edlia\",\"isPartOf\":{\"@id\":\"http:\/\/universofamilia.com\/zh_hk\/#website\"},\"primaryImageOfPage\":{\"@id\":\"http:\/\/universofamilia.com\/el\/curiosidades\/#primaryimage\"},\"image\":{\"@id\":\"http:\/\/universofamilia.com\/el\/curiosidades\/#primaryimage\"},\"thumbnailUrl\":\"http:\/\/universofamilia.com\/wp-content\/uploads\/sites\/148\/2024\/01\/P-550x350-3-1.jpg\",\"datePublished\":\"2023-06-13T21:39:44+00:00\",\"dateModified\":\"2023-06-13T21:39:44+00:00\",\"description\":\"Fam\u00edlia, conte\u00fados incr\u00edveis para te ajudar na jornada da vida. Tudo sobre a maternidade, relacionamentos, filhos e muito mais.\",\"breadcrumb\":{\"@id\":\"http:\/\/universofamilia.com\/el\/curiosidades\/#breadcrumb\"},\"inLanguage\":\"pl-PL\",\"potentialAction\":[{\"@type\":\"ReadAction\",\"target\":[\"http:\/\/universofamilia.com\/el\/curiosidades\/\"]}]},{\"@type\":\"ImageObject\",\"inLanguage\":\"pl-PL\",\"@id\":\"http:\/\/universofamilia.com\/el\/curiosidades\/#primaryimage\",\"url\":\"http:\/\/universofamilia.com\/wp-content\/uploads\/sites\/148\/2024\/01\/P-550x350-3-1.jpg\",\"contentUrl\":\"http:\/\/universofamilia.com\/wp-content\/uploads\/sites\/148\/2024\/01\/P-550x350-3-1.jpg\"},{\"@type\":\"BreadcrumbList\",\"@id\":\"http:\/\/universofamilia.com\/el\/curiosidades\/#breadcrumb\",\"itemListElement\":[{\"@type\":\"ListItem\",\"position\":1,\"name\":\"Home\",\"item\":\"http:\/\/universofamilia.com\/zh_hk\/\"},{\"@type\":\"ListItem\",\"position\":2,\"name\":\"Curiosidades\"}]},{\"@type\":\"WebSite\",\"@id\":\"http:\/\/universofamilia.com\/zh_hk\/#website\",\"url\":\"http:\/\/universofamilia.com\/zh_hk\/\",\"name\":\"Universo Fam\u00edlia\",\"description\":\"\",\"potentialAction\":[{\"@type\":\"SearchAction\",\"target\":{\"@type\":\"EntryPoint\",\"urlTemplate\":\"http:\/\/universofamilia.com\/zh_hk\/?s={search_term_string}\"},\"query-input\":\"required name=search_term_string\"}],\"inLanguage\":\"pl-PL\"}]}<\/script>\n<!-- \/ Yoast SEO plugin. -->","yoast_head_json":{"title":"Curiosidades - Universo Fam\u00edlia","description":"Fam\u00edlia, conte\u00fados incr\u00edveis para te ajudar na jornada da vida. Tudo sobre a maternidade, relacionamentos, filhos e muito mais.","robots":{"index":"index","follow":"follow","max-snippet":"max-snippet:-1","max-image-preview":"max-image-preview:large","max-video-preview":"max-video-preview:-1"},"canonical":"http:\/\/universofamilia.com\/pl\/curiosidades\/","og_locale":"pl_PL","og_type":"article","og_title":"Curiosidades - Universo Fam\u00edlia","og_description":"Fam\u00edlia, conte\u00fados incr\u00edveis para te ajudar na jornada da vida. Tudo sobre a maternidade, relacionamentos, filhos e muito mais.","og_url":"http:\/\/universofamilia.com\/pl\/curiosidades\/","og_site_name":"Universo Fam\u00edlia","og_image":[{"url":"http:\/\/universofamilia.com\/wp-content\/uploads\/sites\/148\/2024\/01\/P-550x350-3-1.jpg"}],"twitter_card":"summary_large_image","twitter_misc":{"Est. reading time":"6 minut"},"schema":{"@context":"https:\/\/schema.org","@graph":[{"@type":"WebPage","@id":"http:\/\/universofamilia.com\/el\/curiosidades\/","url":"http:\/\/universofamilia.com\/el\/curiosidades\/","name":"Curiosidades - Universo Fam\u00edlia","isPartOf":{"@id":"http:\/\/universofamilia.com\/zh_hk\/#website"},"primaryImageOfPage":{"@id":"http:\/\/universofamilia.com\/el\/curiosidades\/#primaryimage"},"image":{"@id":"http:\/\/universofamilia.com\/el\/curiosidades\/#primaryimage"},"thumbnailUrl":"http:\/\/universofamilia.com\/wp-content\/uploads\/sites\/148\/2024\/01\/P-550x350-3-1.jpg","datePublished":"2023-06-13T21:39:44+00:00","dateModified":"2023-06-13T21:39:44+00:00","description":"Fam\u00edlia, conte\u00fados incr\u00edveis para te ajudar na jornada da vida. Tudo sobre a maternidade, relacionamentos, filhos e muito mais.","breadcrumb":{"@id":"http:\/\/universofamilia.com\/el\/curiosidades\/#breadcrumb"},"inLanguage":"pl-PL","potentialAction":[{"@type":"ReadAction","target":["http:\/\/universofamilia.com\/el\/curiosidades\/"]}]},{"@type":"ImageObject","inLanguage":"pl-PL","@id":"http:\/\/universofamilia.com\/el\/curiosidades\/#primaryimage","url":"http:\/\/universofamilia.com\/wp-content\/uploads\/sites\/148\/2024\/01\/P-550x350-3-1.jpg","contentUrl":"http:\/\/universofamilia.com\/wp-content\/uploads\/sites\/148\/2024\/01\/P-550x350-3-1.jpg"},{"@type":"BreadcrumbList","@id":"http:\/\/universofamilia.com\/el\/curiosidades\/#breadcrumb","itemListElement":[{"@type":"ListItem","position":1,"name":"Home","item":"http:\/\/universofamilia.com\/zh_hk\/"},{"@type":"ListItem","position":2,"name":"Curiosidades"}]},{"@type":"WebSite","@id":"http:\/\/universofamilia.com\/zh_hk\/#website","url":"http:\/\/universofamilia.com\/zh_hk\/","name":"Universo Fam\u00edlia","description":"","potentialAction":[{"@type":"SearchAction","target":{"@type":"EntryPoint","urlTemplate":"http:\/\/universofamilia.com\/zh_hk\/?s={search_term_string}"},"query-input":"required name=search_term_string"}],"inLanguage":"pl-PL"}]}},"_links":{"self":[{"href":"http:\/\/universofamilia.com\/pl\/wp-json\/wp\/v2\/pages\/2519"}],"collection":[{"href":"http:\/\/universofamilia.com\/pl\/wp-json\/wp\/v2\/pages"}],"about":[{"href":"http:\/\/universofamilia.com\/pl\/wp-json\/wp\/v2\/types\/page"}],"replies":[{"embeddable":true,"href":"http:\/\/universofamilia.com\/pl\/wp-json\/wp\/v2\/comments?post=2519"}],"version-history":[{"count":0,"href":"http:\/\/universofamilia.com\/pl\/wp-json\/wp\/v2\/pages\/2519\/revisions"}],"wp:attachment":[{"href":"http:\/\/universofamilia.com\/pl\/wp-json\/wp\/v2\/media?parent=2519"}],"curies":[{"name":"wp","href":"https:\/\/api.w.org\/{rel}","templated":true}]}}