{"id":2519,"date":"2023-06-13T18:39:44","date_gmt":"2023-06-13T21:39:44","guid":{"rendered":"https:\/\/universofamilia.com\/?page_id=2519"},"modified":"2023-06-13T18:39:44","modified_gmt":"2023-06-13T21:39:44","slug":"curiosidades","status":"publish","type":"page","link":"http:\/\/universofamilia.com\/ro\/curiosidades\/","title":{"rendered":"Curiozit\u0103\u021bi"},"content":{"rendered":"<p><a href=\"https:\/\/universofamilia.com\/ro\/4954\/descubriendo-el-embarazo-a-traves-del-telefono\/\"><br \/>\n                                        <img decoding=\"async\" src=\"http:\/\/universofamilia.com\/wp-content\/uploads\/sites\/148\/2024\/01\/P-550x350-3-1.jpg\" alt=\"Descoperirea sarcinii prin telefon\"><br \/>\n                                    <\/a><!-- .elementskit-entry-thumb END --><br \/>\n\t\t\t\t\t\t\t\t\t\t\t\t\t\t\t\t\t\t\t\t<a href=\"https:\/\/universofamilia.com\/ro\/author\/universofamlia\/\">Redac\u021bia Universului Familiei<\/a><br \/>\n\t\t\t\t\t\t\t\t\t\t\t23 ianuarie 2024\t\t\t\t\t\t\t\t\t\t<\/p>\n<h2>\n\t\t\t\t\t<a href=\"https:\/\/universofamilia.com\/ro\/4954\/descubriendo-el-embarazo-a-traves-del-telefono\/\"><br \/>\n\t\t\t\t\t\tDescoperirea sarcinii prin telefon\t\t\t\t\t<\/a><br \/>\n\t\t\t\t<\/h2>\n<p>\t\t\t                                                                                <!-- .elementskit-entry-header END --><\/p>\n<p>Continuare dup\u0103 publicitate.. C\u0103l\u0103toria c\u0103tre maternitate \u00eencepe adesea cu o dorin\u021b\u0103 simpl\u0103: s\u0103 \u0219tii dac\u0103 e\u0219ti \u00eens\u0103rcinat\u0103.\u2026<\/p>\n<p>                                                                                                                                <!-- .elementskit-post-footer END --><br \/>\n                                                                    <!-- .elementskit-post-body END --><br \/>\n                    <!-- .elementskit-blog-block-post .radius .gradient-bg END --><br \/>\n                                    <a href=\"https:\/\/universofamilia.com\/ro\/4865\/citas-cristianas-para-toda-la-vida\/\"><br \/>\n                                        <img decoding=\"async\" src=\"http:\/\/universofamilia.com\/wp-content\/uploads\/sites\/148\/2024\/01\/P-550x350-3.jpg\" alt=\"Citate cre\u0219tine pentru via\u021b\u0103\"><br \/>\n                                    <\/a><!-- .elementskit-entry-thumb END --><br \/>\n\t\t\t\t\t\t\t\t\t\t\t\t\t\t\t\t\t\t\t\t<a href=\"https:\/\/universofamilia.com\/ro\/author\/universofamlia\/\">Redac\u021bia Universului Familiei<\/a><br \/>\n\t\t\t\t\t\t\t\t\t\t\t13 ianuarie 2024\t\t\t\t\t\t\t\t\t\t<\/p>\n<h2>\n\t\t\t\t\t<a href=\"https:\/\/universofamilia.com\/ro\/4865\/citas-cristianas-para-toda-la-vida\/\"><br \/>\n\t\t\t\t\t\tCitate cre\u0219tine pentru via\u021b\u0103\t\t\t\t\t<\/a><br \/>\n\t\t\t\t<\/h2>\n<p>\t\t\t                                                                                <!-- .elementskit-entry-header END --><\/p>\n<p>Continuare dup\u0103 publicitate... Lumea contemporan\u0103 prezint\u0103 provoc\u0103ri unice pentru cre\u0219tinii care caut\u0103 rela\u021bii semnificative. \u00cen acest...<\/p>\n<p>                                                                                                                                <!-- .elementskit-post-footer END --><br \/>\n                                                                    <!-- .elementskit-post-body END --><br \/>\n                    <!-- .elementskit-blog-block-post .radius .gradient-bg END --><br \/>\n                                    <a href=\"https:\/\/universofamilia.com\/ro\/4839\/sabes-quien-esta-viendo-tu-perfil\/\"><br \/>\n                                        <img decoding=\"async\" src=\"http:\/\/universofamilia.com\/wp-content\/uploads\/sites\/148\/2024\/01\/P-550x350-4.png\" alt=\"\u0218tii cine \u00ee\u021bi vizualizeaz\u0103 profilul?\"><br \/>\n                                    <\/a><!-- .elementskit-entry-thumb END --><br \/>\n\t\t\t\t\t\t\t\t\t\t\t\t\t\t\t\t\t\t\t\t<a href=\"https:\/\/universofamilia.com\/ro\/author\/universofamlia\/\">Redac\u021bia Universului Familiei<\/a><br \/>\n\t\t\t\t\t\t\t\t\t\t\t2 ianuarie 2024\t\t\t\t\t\t\t\t\t\t<\/p>\n<h2>\n\t\t\t\t\t<a href=\"https:\/\/universofamilia.com\/ro\/4839\/sabes-quien-esta-viendo-tu-perfil\/\"><br \/>\n\t\t\t\t\t\t\u0218tii cine \u00ee\u021bi vizualizeaz\u0103 profilul?\t\t\t\t\t<\/a><br \/>\n\t\t\t\t<\/h2>\n<p>\t\t\t                                                                                <!-- .elementskit-entry-header END --><\/p>\n<p>Continu\u0103 dup\u0103 publicitate... \u00cen lumea digital\u0103 de ast\u0103zi, unde re\u021belele sociale joac\u0103 un rol fundamental \u00een via\u021ba noastr\u0103,\u2026<\/p>\n<p>                                                                                                                                <!-- .elementskit-post-footer END --><br \/>\n                                                                    <!-- .elementskit-post-body END --><br \/>\n                    <!-- .elementskit-blog-block-post .radius .gradient-bg END --><br \/>\n                                    <a href=\"https:\/\/universofamilia.com\/ro\/4829\/aprende-a-tocar-la-guitarra-de-forma-facil-y-practica\/\"><br \/>\n                                        <img decoding=\"async\" src=\"http:\/\/universofamilia.com\/wp-content\/uploads\/sites\/148\/2023\/12\/P-550x350-3-2.jpg\" alt=\"\u00cenva\u021b\u0103 s\u0103 c\u00e2n\u021bi la chitar\u0103 u\u0219or \u0219i practic\"><br \/>\n                                    <\/a><!-- .elementskit-entry-thumb END --><br \/>\n\t\t\t\t\t\t\t\t\t\t\t\t\t\t\t\t\t\t\t\t<a href=\"https:\/\/universofamilia.com\/ro\/author\/universofamlia\/\">Redac\u021bia Universului Familiei<\/a><br \/>\n\t\t\t\t\t\t\t\t\t\t\t31 decembrie 2023\t\t\t\t\t\t\t\t\t\t<\/p>\n<h2>\n\t\t\t\t\t<a href=\"https:\/\/universofamilia.com\/ro\/4829\/aprende-a-tocar-la-guitarra-de-forma-facil-y-practica\/\"><br \/>\n\t\t\t\t\t\t\u00cenva\u021b\u0103 s\u0103 c\u00e2n\u021bi la chitar\u0103 corect\u2026\t\t\t\t\t<\/a><br \/>\n\t\t\t\t<\/h2>\n<p>\t\t\t                                                                                <!-- .elementskit-entry-header END --><\/p>\n<p>Continuare dup\u0103 publicitate... Era digital\u0103 a adus cu ea o revolu\u021bie \u00een \u00eenv\u0103\u021bare pentru mai multe segmente, iar...<\/p>\n<p>                                                                                                                                <!-- .elementskit-post-footer END --><br \/>\n                                                                    <!-- .elementskit-post-body END --><br \/>\n                    <!-- .elementskit-blog-block-post .radius .gradient-bg END --><br \/>\n                                    <a href=\"https:\/\/universofamilia.com\/ro\/4820\/la-era-de-las-aplicaciones-ahorrando-en-los-pasajes-aereos\/\"><br \/>\n                                        <img decoding=\"async\" src=\"http:\/\/universofamilia.com\/wp-content\/uploads\/sites\/148\/2023\/12\/P-550x350-3-1.jpg\" alt=\"Era aplica\u021biilor: Economisirea la biletele de avion\"><br \/>\n                                    <\/a><!-- .elementskit-entry-thumb END --><br \/>\n\t\t\t\t\t\t\t\t\t\t\t\t\t\t\t\t\t\t\t\t<a href=\"https:\/\/universofamilia.com\/ro\/author\/universofamlia\/\">Redac\u021bia Universului Familiei<\/a><br \/>\n\t\t\t\t\t\t\t\t\t\t\t29 decembrie 2023\t\t\t\t\t\t\t\t\t\t<\/p>\n<h2>\n\t\t\t\t\t<a href=\"https:\/\/universofamilia.com\/ro\/4820\/la-era-de-las-aplicaciones-ahorrando-en-los-pasajes-aereos\/\"><br \/>\n\t\t\t\t\t\tEpoca aplica\u021biilor: Economisirea la\u2026\t\t\t\t\t<\/a><br \/>\n\t\t\t\t<\/h2>\n<p>\t\t\t                                                                                <!-- .elementskit-entry-header END --><\/p>\n<p>C\u0103l\u0103toria este o experien\u021b\u0103 \u00eembog\u0103\u021bitoare, dar costul biletelor de avion poate fi adesea...<\/p>\n<p>                                                                                                                                <!-- .elementskit-post-footer END --><br \/>\n                                                                    <!-- .elementskit-post-body END --><br \/>\n                    <!-- .elementskit-blog-block-post .radius .gradient-bg END --><br \/>\n                                    <a href=\"https:\/\/universofamilia.com\/ro\/3989\/preparacao-para-a-segunda-gravidez\/\"><br \/>\n                                        <img decoding=\"async\" src=\"http:\/\/universofamilia.com\/wp-content\/uploads\/sites\/148\/2023\/09\/D-UNIVERSO-FAMILIA-Preparacao-para-a-Segunda-Gravidez.png\" alt=\"Preg\u0103tirea pentru a doua sarcin\u0103\"><br \/>\n                                    <\/a><!-- .elementskit-entry-thumb END --><br \/>\n\t\t\t\t\t\t\t\t\t\t\t\t\t\t\t\t\t\t\t\t<a href=\"https:\/\/universofamilia.com\/ro\/author\/universofamlia\/\">Redac\u021bia Universului Familiei<\/a><br \/>\n\t\t\t\t\t\t\t\t\t\t\t22 septembrie 2023\t\t\t\t\t\t\t\t\t\t<\/p>\n<h2>\n\t\t\t\t\t<a href=\"https:\/\/universofamilia.com\/ro\/3989\/preparacao-para-a-segunda-gravidez\/\"><br \/>\n\t\t\t\t\t\tPreg\u0103tirea pentru a doua sarcin\u0103\t\t\t\t\t<\/a><br \/>\n\t\t\t\t<\/h2>\n<p>\t\t\t                                                                                <!-- .elementskit-entry-header END --><\/p>\n<p>Continua\u021bi dup\u0103 publicitate. Preg\u0103tirea pentru a doua sarcin\u0103. V\u0103 g\u00e2ndi\u021bi, sunte\u021bi gata pentru al doilea copil?\u2026<\/p>\n<p>                                                                                                                                <!-- .elementskit-post-footer END --><br \/>\n                                                                    <!-- .elementskit-post-body END --><br \/>\n                    <!-- .elementskit-blog-block-post .radius .gradient-bg END --><\/p>\n<article data-id=\"3627\">\n            <a href=\"https:\/\/universofamilia.com\/ro\/3627\/os-10-utensilios-indispensaveis-para-a-introducao-alimentar-de-bebes\/\"><\/a><br \/>\n                <img loading=\"lazy\" width=\"300\" height=\"234\" src=\"http:\/\/universofamilia.com\/wp-content\/uploads\/sites\/148\/2023\/08\/DESTAQUE-utensilios-para-introducao-alimentar-universo-familia--300x234.png\" alt=\"\" decoding=\"async\" srcset=\"http:\/\/universofamilia.com\/wp-content\/uploads\/sites\/148\/2023\/08\/DESTAQUE-utensilios-para-introducao-alimentar-universo-familia--300x234.png 300w, http:\/\/universofamilia.com\/wp-content\/uploads\/sites\/148\/2023\/08\/DESTAQUE-utensilios-para-introducao-alimentar-universo-familia--150x117.png 150w, http:\/\/universofamilia.com\/wp-content\/uploads\/sites\/148\/2023\/08\/DESTAQUE-utensilios-para-introducao-alimentar-universo-familia-.png 448w\" sizes=\"(max-width: 300px) 100vw, 300px\" \/><\/p>\n<header>\n<h2><a\n                        href=\"https:\/\/universofamilia.com\/ro\/3627\/os-10-utensilios-indispensaveis-para-a-introducao-alimentar-de-bebes\/\"\n                        title=\"Cele 10 ustensile indispensabile pentru introducerea hr\u0103nirii bebelu\u0219ilor\">Cele 10 ustensile indispensabile pentru introducerea hr\u0103nirii bebelu\u0219ilor<\/a><\/h2>\n<\/header>\n<p>Continua\u021bi cu publicitatea.. Cele 10 ustensile esen\u021biale pentru\u2026<\/p>\n<p><a\n                            href=\"https:\/\/universofamilia.com\/ro\/3627\/os-10-utensilios-indispensaveis-para-a-introducao-alimentar-de-bebes\/\"\n                           >Cite\u015fte mai mult<\/a><br \/>\n                    <time datetime=\"agosto 24, 2023\">24 august 2023<\/time><br \/>\n    <\/article>\n<article data-id=\"3622\">\n            <a href=\"https:\/\/universofamilia.com\/ro\/3622\/cantando-para-nossos-bebes\/\"><\/a><br \/>\n                <img loading=\"lazy\" width=\"300\" height=\"234\" src=\"http:\/\/universofamilia.com\/wp-content\/uploads\/sites\/148\/2023\/08\/DESTAQUE-cantando-para-as-criancas-universo-familia--300x234.png\" alt=\"\" decoding=\"async\" srcset=\"http:\/\/universofamilia.com\/wp-content\/uploads\/sites\/148\/2023\/08\/DESTAQUE-cantando-para-as-criancas-universo-familia--300x234.png 300w, http:\/\/universofamilia.com\/wp-content\/uploads\/sites\/148\/2023\/08\/DESTAQUE-cantando-para-as-criancas-universo-familia--150x117.png 150w, http:\/\/universofamilia.com\/wp-content\/uploads\/sites\/148\/2023\/08\/DESTAQUE-cantando-para-as-criancas-universo-familia-.png 448w\" sizes=\"(max-width: 300px) 100vw, 300px\" \/><\/p>\n<header>\n<h2><a\n                        href=\"https:\/\/universofamilia.com\/ro\/3622\/cantando-para-nossos-bebes\/\"\n                        title=\"C\u00e2nt\u00e2nd pentru bebelu\u0219ii no\u0219tri: 5 melodii cu versuri fermec\u0103toare \u0219i origini captivante\">C\u00e2nt\u00e2nd pentru bebelu\u0219ii no\u0219tri: 5 melodii cu versuri fermec\u0103toare \u0219i origini captivante<\/a><\/h2>\n<\/header>\n<p>Continuare dup\u0103 publicitate.. C\u00e2nt\u00e2nd pentru bebelu\u0219ii no\u0219tri, 5 c\u00e2ntece\u2026<\/p>\n<p><a\n                            href=\"https:\/\/universofamilia.com\/ro\/3622\/cantando-para-nossos-bebes\/\"\n                           >Cite\u015fte mai mult<\/a><br \/>\n                    <time datetime=\"agosto 23, 2023\">23 august 2023<\/time><br \/>\n    <\/article>\n<article data-id=\"2973\">\n            <a href=\"https:\/\/universofamilia.com\/ro\/2973\/os-7-erros-que-quase-toda-mae-comete-sobre-maternidade\/\"><\/a><br \/>\n                <img loading=\"lazy\" width=\"300\" height=\"234\" src=\"http:\/\/universofamilia.com\/wp-content\/uploads\/sites\/148\/2023\/06\/DESTAQUE-7-ERROS-MATERNIDADE-universo-familia--300x234.png\" alt=\"\" decoding=\"async\" srcset=\"http:\/\/universofamilia.com\/wp-content\/uploads\/sites\/148\/2023\/06\/DESTAQUE-7-ERROS-MATERNIDADE-universo-familia--300x234.png 300w, http:\/\/universofamilia.com\/wp-content\/uploads\/sites\/148\/2023\/06\/DESTAQUE-7-ERROS-MATERNIDADE-universo-familia-.png 448w\" sizes=\"(max-width: 300px) 100vw, 300px\" \/><\/p>\n<header>\n<h2><a\n                        href=\"https:\/\/universofamilia.com\/ro\/2973\/os-7-erros-que-quase-toda-mae-comete-sobre-maternidade\/\"\n                        title=\"Cele 7 gre\u0219eli pe care le face toat\u0103 lumea \u00een leg\u0103tur\u0103 cu maternitatea\">Cele 7 gre\u0219eli pe care le face toat\u0103 lumea \u00een leg\u0103tur\u0103 cu maternitatea<\/a><\/h2>\n<\/header>\n<p>Continua\u021bi cu publicitatea.. Cele 7 gre\u0219eli care (anuleaz\u0103) toate\u2026<\/p>\n<p><a\n                            href=\"https:\/\/universofamilia.com\/ro\/2973\/os-7-erros-que-quase-toda-mae-comete-sobre-maternidade\/\"\n                           >Cite\u015fte mai mult<\/a><br \/>\n                    <time datetime=\"junho 22, 2023\">22 iunie 2023<\/time><br \/>\n    <\/article>\n<article data-id=\"2309\">\n            <a href=\"https:\/\/universofamilia.com\/ro\/2309\/a-importancia-de-comemorar-o-dia-dos-namorados\/\"><\/a><br \/>\n                <img loading=\"lazy\" width=\"300\" height=\"234\" src=\"http:\/\/universofamilia.com\/wp-content\/uploads\/sites\/148\/2023\/06\/FOTO-DESTAQUE-Como-Surpreender-Minha-Esposa-universo-familia-448x350-1-1-300x234.png\" alt=\"\" decoding=\"async\" srcset=\"http:\/\/universofamilia.com\/wp-content\/uploads\/sites\/148\/2023\/06\/FOTO-DESTAQUE-Como-Surpreender-Minha-Esposa-universo-familia-448x350-1-1-300x234.png 300w, http:\/\/universofamilia.com\/wp-content\/uploads\/sites\/148\/2023\/06\/FOTO-DESTAQUE-Como-Surpreender-Minha-Esposa-universo-familia-448x350-1-1.png 448w\" sizes=\"(max-width: 300px) 100vw, 300px\" \/><\/p>\n<header>\n<h2><a\n                        href=\"https:\/\/universofamilia.com\/ro\/2309\/a-importancia-de-comemorar-o-dia-dos-namorados\/\"\n                        title=\"Importan\u021ba s\u0103rb\u0103toririi Zilei \u00cendr\u0103gosti\u021bilor\">Importan\u021ba s\u0103rb\u0103toririi Zilei \u00cendr\u0103gosti\u021bilor<\/a><\/h2>\n<\/header>\n<p>Importan\u021ba s\u0103rb\u0103toririi Zilei \u00cendr\u0103gosti\u021bilor. Sau a zilei...<\/p>\n<p><a\n                            href=\"https:\/\/universofamilia.com\/ro\/2309\/a-importancia-de-comemorar-o-dia-dos-namorados\/\"\n                           >Cite\u015fte mai mult<\/a><br \/>\n                    <time datetime=\"junho 8, 2023\">8 iunie 2023<\/time><br \/>\n    <\/article>\n<article data-id=\"2242\">\n            <a href=\"https:\/\/universofamilia.com\/ro\/2242\/quais-os-ciclos-do-sono-do-bebe\/\"><\/a><br \/>\n                <img loading=\"lazy\" width=\"300\" height=\"234\" src=\"http:\/\/universofamilia.com\/wp-content\/uploads\/sites\/148\/2023\/06\/FOTO-DESTAQUE-ciclos-de-sono-do-bebe-universo-familia-448x350--300x234.png\" alt=\"\" decoding=\"async\" srcset=\"http:\/\/universofamilia.com\/wp-content\/uploads\/sites\/148\/2023\/06\/FOTO-DESTAQUE-ciclos-de-sono-do-bebe-universo-familia-448x350--300x234.png 300w, http:\/\/universofamilia.com\/wp-content\/uploads\/sites\/148\/2023\/06\/FOTO-DESTAQUE-ciclos-de-sono-do-bebe-universo-familia-448x350-.png 448w\" sizes=\"(max-width: 300px) 100vw, 300px\" \/><\/p>\n<header>\n<h2><a\n                        href=\"https:\/\/universofamilia.com\/ro\/2242\/quais-os-ciclos-do-sono-do-bebe\/\"\n                        title=\"Cicluri de sunete Quais the Baby\">Cicluri de sunete Quais the Baby<\/a><\/h2>\n<\/header>\n<p>C\u00e2nd ciclurile sonore ale bebelu\u0219ului se schimb\u0103, \u00een\u021belege\u021bi \u0219i ajuta\u021bi\u2026<\/p>\n<p><a\n                            href=\"https:\/\/universofamilia.com\/ro\/2242\/quais-os-ciclos-do-sono-do-bebe\/\"\n                           >Cite\u015fte mai mult<\/a><br \/>\n                    <time datetime=\"junho 5, 2023\">5 iunie 2023<\/time><br \/>\n    <\/article>\n<article data-id=\"2236\">\n            <a href=\"https:\/\/universofamilia.com\/ro\/2236\/dicas-de-seguranca-para-o-sono-do-bebe-escolha-do-local-posicao-colchao-e-muito-mais\/\"><\/a><br \/>\n                <img loading=\"lazy\" width=\"300\" height=\"234\" src=\"http:\/\/universofamilia.com\/wp-content\/uploads\/sites\/148\/2023\/06\/FOTO-DESTAQUE-SEGURANCA-DO-BEBE-universo-familia-448x350--300x234.png\" alt=\"\" decoding=\"async\" srcset=\"http:\/\/universofamilia.com\/wp-content\/uploads\/sites\/148\/2023\/06\/FOTO-DESTAQUE-SEGURANCA-DO-BEBE-universo-familia-448x350--300x234.png 300w, http:\/\/universofamilia.com\/wp-content\/uploads\/sites\/148\/2023\/06\/FOTO-DESTAQUE-SEGURANCA-DO-BEBE-universo-familia-448x350-.png 448w\" sizes=\"(max-width: 300px) 100vw, 300px\" \/><\/p>\n<header>\n<h2><a\n                        href=\"https:\/\/universofamilia.com\/ro\/2236\/dicas-de-seguranca-para-o-sono-do-bebe-escolha-do-local-posicao-colchao-e-muito-mais\/\"\n                        title=\"Instruc\u021biuni de siguran\u021b\u0103 pentru sunetul bebelu\u0219ului\">Instruc\u021biuni de siguran\u021b\u0103 pentru sunetul bebelu\u0219ului<\/a><\/h2>\n<\/header>\n<p>Instruc\u021biuni de siguran\u021b\u0103 pentru fiul bebelu\u0219ului: scolha do...<\/p>\n<p><a\n                            href=\"https:\/\/universofamilia.com\/ro\/2236\/dicas-de-seguranca-para-o-sono-do-bebe-escolha-do-local-posicao-colchao-e-muito-mais\/\"\n                           >Cite\u015fte mai mult<\/a><br \/>\n                    <time datetime=\"junho 5, 2023\">5 iunie 2023<\/time><br \/>\n    <\/article>\n<article data-id=\"2227\">\n            <a href=\"https:\/\/universofamilia.com\/ro\/2227\/o-que-influencia-o-sono-do-bebe\/\"><\/a><br \/>\n                <img loading=\"lazy\" width=\"300\" height=\"234\" src=\"http:\/\/universofamilia.com\/wp-content\/uploads\/sites\/148\/2023\/06\/FOTO-DESTAQUE-DIFICULDADE-DE-OUVIRDIFICULDADE-DE-DORMIR-universo-familia-448x350-1-300x234.png\" alt=\"\" decoding=\"async\" srcset=\"http:\/\/universofamilia.com\/wp-content\/uploads\/sites\/148\/2023\/06\/FOTO-DESTAQUE-DIFICULDADE-DE-OUVIRDIFICULDADE-DE-DORMIR-universo-familia-448x350-1-300x234.png 300w, http:\/\/universofamilia.com\/wp-content\/uploads\/sites\/148\/2023\/06\/FOTO-DESTAQUE-DIFICULDADE-DE-OUVIRDIFICULDADE-DE-DORMIR-universo-familia-448x350-1.png 448w\" sizes=\"(max-width: 300px) 100vw, 300px\" \/><\/p>\n<header>\n<h2><a\n                        href=\"https:\/\/universofamilia.com\/ro\/2227\/o-que-influencia-o-sono-do-bebe\/\"\n                        title=\"O Que Influence no Sono do B\u00ea | Ber\u00e7o, Pat comun sau Montessorian\u0103?\">O Que Influence no Sono do B\u00ea | Ber\u00e7o, Pat comun sau Montessorian\u0103?<\/a><\/h2>\n<\/header>\n<p>O Que Influencia no Sono do B\u00ea: Ber\u00e7o, Cama Compartilhada...<\/p>\n<p><a\n                            href=\"https:\/\/universofamilia.com\/ro\/2227\/o-que-influencia-o-sono-do-bebe\/\"\n                           >Cite\u015fte mai mult<\/a><br \/>\n                    <time datetime=\"junho 5, 2023\">5 iunie 2023<\/time><br \/>\n    <\/article>\n<article data-id=\"2218\">\n            <a href=\"https:\/\/universofamilia.com\/ro\/2218\/meu-bebe-dorme-mal\/\"><\/a><br \/>\n                <img loading=\"lazy\" width=\"300\" height=\"234\" src=\"http:\/\/universofamilia.com\/wp-content\/uploads\/sites\/148\/2023\/06\/FOTO-DESTAQUE-DIFICULDADE-DE-OUVIRDIFICULDADE-DE-DORMIR-universo-familia-448x350-1-1-300x234.png\" alt=\"\" decoding=\"async\" srcset=\"http:\/\/universofamilia.com\/wp-content\/uploads\/sites\/148\/2023\/06\/FOTO-DESTAQUE-DIFICULDADE-DE-OUVIRDIFICULDADE-DE-DORMIR-universo-familia-448x350-1-1-300x234.png 300w, http:\/\/universofamilia.com\/wp-content\/uploads\/sites\/148\/2023\/06\/FOTO-DESTAQUE-DIFICULDADE-DE-OUVIRDIFICULDADE-DE-DORMIR-universo-familia-448x350-1-1.png 448w\" sizes=\"(max-width: 300px) 100vw, 300px\" \/><\/p>\n<header>\n<h2><a\n                        href=\"https:\/\/universofamilia.com\/ro\/2218\/meu-bebe-dorme-mal\/\"\n                        title=\"Bebelu\u0219ul meu doarme prost\">Bebelu\u0219ul meu doarme prost<\/a><\/h2>\n<\/header>\n<p>Bebelu\u0219ul meu doarme prost, vezi 5 gre\u0219eli frecvente pe care le faci...<\/p>\n<p><a\n                            href=\"https:\/\/universofamilia.com\/ro\/2218\/meu-bebe-dorme-mal\/\"\n                           >Cite\u015fte mai mult<\/a><br \/>\n                    <time datetime=\"junho 4, 2023\">4 iunie 2023<\/time><br \/>\n    <\/article>\n<article data-id=\"2207\">\n            <a href=\"https:\/\/universofamilia.com\/ro\/2207\/dificuldade-de-audicao-em-criancas\/\"><\/a><br \/>\n                <img loading=\"lazy\" width=\"300\" height=\"234\" src=\"http:\/\/universofamilia.com\/wp-content\/uploads\/sites\/148\/2023\/06\/FOTO-DESTAQUE-DIFICULDADE-DE-OUVIR-universo-familia-448x350-1-1-300x234.png\" alt=\"\" decoding=\"async\" srcset=\"http:\/\/universofamilia.com\/wp-content\/uploads\/sites\/148\/2023\/06\/FOTO-DESTAQUE-DIFICULDADE-DE-OUVIR-universo-familia-448x350-1-1-300x234.png 300w, http:\/\/universofamilia.com\/wp-content\/uploads\/sites\/148\/2023\/06\/FOTO-DESTAQUE-DIFICULDADE-DE-OUVIR-universo-familia-448x350-1-1.png 448w\" sizes=\"(max-width: 300px) 100vw, 300px\" \/><\/p>\n<header>\n<h2><a\n                        href=\"https:\/\/universofamilia.com\/ro\/2207\/dificuldade-de-audicao-em-criancas\/\"\n                        title=\"Dificult\u0103\u021bi de auz la copii: simptome, \u00eengrijire \u0219i diagnostic\">Dificult\u0103\u021bi de auz la copii: simptome, \u00eengrijire \u0219i diagnostic<\/a><\/h2>\n<\/header>\n<p>Dificult\u0103\u021bi de auz la copii: simptome, \u00eengrijire \u0219i diagnostic. PENTRU A\u2026<\/p>\n<p><a\n                            href=\"https:\/\/universofamilia.com\/ro\/2207\/dificuldade-de-audicao-em-criancas\/\"\n                           >Cite\u015fte mai mult<\/a><br \/>\n                    <time datetime=\"junho 2, 2023\">2 iunie 2023<\/time><br \/>\n    <\/article>\n<p>                <button id=\"eael-load-more-btn-7ddf399\" data-widget-id=\"7ddf399\" data-widget=\"7ddf399\" data-page-id=\"2519\" data-template=\"{&quot;dir&quot;:&quot;lite&quot;,&quot;file_name&quot;:&quot;default.php&quot;,&quot;name&quot;:&quot;Post-Grid&quot;}\" data-class=\"Essential_Addons_ElementorElementsPost_Grid\" data-layout=\"grid\" data-page=\"1\" data-args=\"orderby=date&amp;order=desc&amp;ignore_sticky_posts=1&amp;post_status=publish&amp;posts_per_page=9&amp;offset=6&amp;post_type=post&amp;tax_query%5B0%5D%5Btaxonomy%5D=category&amp;tax_query%5B0%5D%5Bfield%5D=term_id&amp;tax_query%5B0%5D%5Bterms%5D%5B0%5D=2&amp;tax_query%5Brelation%5D=AND\" data-max-page=\"3\"><br \/>\n                    \u00cenc\u0103rca\u021bi mai multe<br \/>\n                <\/button><\/p>","protected":false},"excerpt":{"rendered":"<p>Reda\u00e7\u00e3o Universo Fam\u00edlia janeiro 23, 2024 Descubriendo el Embarazo a trav\u00e9s del Tel\u00e9fono Continua ap\u00f3s a publicidade.. El viaje hacia la maternidad a menudo comienza con un simple deseo: saber si est\u00e1s embarazada.&hellip; Reda\u00e7\u00e3o Universo Fam\u00edlia janeiro 13, 2024 Citas cristianas para toda la vida Continua ap\u00f3s a publicidade.. El mundo contempor\u00e1neo presenta desaf\u00edos \u00fanicos [&hellip;]<\/p>","protected":false},"author":0,"featured_media":0,"parent":0,"menu_order":0,"comment_status":"closed","ping_status":"closed","template":"","meta":{"footnotes":""},"yoast_head":"<!-- This site is optimized with the Yoast SEO plugin v23.3 - https:\/\/yoast.com\/wordpress\/plugins\/seo\/ -->\n<title>Curiosidades - Universo Fam\u00edlia<\/title>\n<meta name=\"description\" content=\"Fam\u00edlia, conte\u00fados incr\u00edveis para te ajudar na jornada da vida. Tudo sobre a maternidade, relacionamentos, filhos e muito mais.\" \/>\n<meta name=\"robots\" content=\"index, follow, max-snippet:-1, max-image-preview:large, max-video-preview:-1\" \/>\n<link rel=\"canonical\" href=\"http:\/\/universofamilia.com\/ro\/curiosidades\/\" \/>\n<meta property=\"og:locale\" content=\"ro_RO\" \/>\n<meta property=\"og:type\" content=\"article\" \/>\n<meta property=\"og:title\" content=\"Curiosidades - Universo Fam\u00edlia\" \/>\n<meta property=\"og:description\" content=\"Fam\u00edlia, conte\u00fados incr\u00edveis para te ajudar na jornada da vida. Tudo sobre a maternidade, relacionamentos, filhos e muito mais.\" \/>\n<meta property=\"og:url\" content=\"http:\/\/universofamilia.com\/ro\/curiosidades\/\" \/>\n<meta property=\"og:site_name\" content=\"Universo Fam\u00edlia\" \/>\n<meta property=\"og:image\" content=\"http:\/\/universofamilia.com\/wp-content\/uploads\/sites\/148\/2024\/01\/P-550x350-3-1.jpg\" \/>\n<meta name=\"twitter:card\" content=\"summary_large_image\" \/>\n<meta name=\"twitter:label1\" content=\"Est. reading time\" \/>\n\t<meta name=\"twitter:data1\" content=\"6 minute\" \/>\n<script type=\"application\/ld+json\" class=\"yoast-schema-graph\">{\"@context\":\"https:\/\/schema.org\",\"@graph\":[{\"@type\":\"WebPage\",\"@id\":\"http:\/\/universofamilia.com\/el\/curiosidades\/\",\"url\":\"http:\/\/universofamilia.com\/el\/curiosidades\/\",\"name\":\"Curiosidades - Universo Fam\u00edlia\",\"isPartOf\":{\"@id\":\"http:\/\/universofamilia.com\/zh_hk\/#website\"},\"primaryImageOfPage\":{\"@id\":\"http:\/\/universofamilia.com\/el\/curiosidades\/#primaryimage\"},\"image\":{\"@id\":\"http:\/\/universofamilia.com\/el\/curiosidades\/#primaryimage\"},\"thumbnailUrl\":\"http:\/\/universofamilia.com\/wp-content\/uploads\/sites\/148\/2024\/01\/P-550x350-3-1.jpg\",\"datePublished\":\"2023-06-13T21:39:44+00:00\",\"dateModified\":\"2023-06-13T21:39:44+00:00\",\"description\":\"Fam\u00edlia, conte\u00fados incr\u00edveis para te ajudar na jornada da vida. Tudo sobre a maternidade, relacionamentos, filhos e muito mais.\",\"breadcrumb\":{\"@id\":\"http:\/\/universofamilia.com\/el\/curiosidades\/#breadcrumb\"},\"inLanguage\":\"ro-RO\",\"potentialAction\":[{\"@type\":\"ReadAction\",\"target\":[\"http:\/\/universofamilia.com\/el\/curiosidades\/\"]}]},{\"@type\":\"ImageObject\",\"inLanguage\":\"ro-RO\",\"@id\":\"http:\/\/universofamilia.com\/el\/curiosidades\/#primaryimage\",\"url\":\"http:\/\/universofamilia.com\/wp-content\/uploads\/sites\/148\/2024\/01\/P-550x350-3-1.jpg\",\"contentUrl\":\"http:\/\/universofamilia.com\/wp-content\/uploads\/sites\/148\/2024\/01\/P-550x350-3-1.jpg\"},{\"@type\":\"BreadcrumbList\",\"@id\":\"http:\/\/universofamilia.com\/el\/curiosidades\/#breadcrumb\",\"itemListElement\":[{\"@type\":\"ListItem\",\"position\":1,\"name\":\"Home\",\"item\":\"http:\/\/universofamilia.com\/zh_hk\/\"},{\"@type\":\"ListItem\",\"position\":2,\"name\":\"Curiosidades\"}]},{\"@type\":\"WebSite\",\"@id\":\"http:\/\/universofamilia.com\/zh_hk\/#website\",\"url\":\"http:\/\/universofamilia.com\/zh_hk\/\",\"name\":\"Universo Fam\u00edlia\",\"description\":\"\",\"potentialAction\":[{\"@type\":\"SearchAction\",\"target\":{\"@type\":\"EntryPoint\",\"urlTemplate\":\"http:\/\/universofamilia.com\/zh_hk\/?s={search_term_string}\"},\"query-input\":\"required name=search_term_string\"}],\"inLanguage\":\"ro-RO\"}]}<\/script>\n<!-- \/ Yoast SEO plugin. -->","yoast_head_json":{"title":"Curiosidades - Universo Fam\u00edlia","description":"Fam\u00edlia, conte\u00fados incr\u00edveis para te ajudar na jornada da vida. Tudo sobre a maternidade, relacionamentos, filhos e muito mais.","robots":{"index":"index","follow":"follow","max-snippet":"max-snippet:-1","max-image-preview":"max-image-preview:large","max-video-preview":"max-video-preview:-1"},"canonical":"http:\/\/universofamilia.com\/ro\/curiosidades\/","og_locale":"ro_RO","og_type":"article","og_title":"Curiosidades - Universo Fam\u00edlia","og_description":"Fam\u00edlia, conte\u00fados incr\u00edveis para te ajudar na jornada da vida. Tudo sobre a maternidade, relacionamentos, filhos e muito mais.","og_url":"http:\/\/universofamilia.com\/ro\/curiosidades\/","og_site_name":"Universo Fam\u00edlia","og_image":[{"url":"http:\/\/universofamilia.com\/wp-content\/uploads\/sites\/148\/2024\/01\/P-550x350-3-1.jpg"}],"twitter_card":"summary_large_image","twitter_misc":{"Est. reading time":"6 minute"},"schema":{"@context":"https:\/\/schema.org","@graph":[{"@type":"WebPage","@id":"http:\/\/universofamilia.com\/el\/curiosidades\/","url":"http:\/\/universofamilia.com\/el\/curiosidades\/","name":"Curiosidades - Universo Fam\u00edlia","isPartOf":{"@id":"http:\/\/universofamilia.com\/zh_hk\/#website"},"primaryImageOfPage":{"@id":"http:\/\/universofamilia.com\/el\/curiosidades\/#primaryimage"},"image":{"@id":"http:\/\/universofamilia.com\/el\/curiosidades\/#primaryimage"},"thumbnailUrl":"http:\/\/universofamilia.com\/wp-content\/uploads\/sites\/148\/2024\/01\/P-550x350-3-1.jpg","datePublished":"2023-06-13T21:39:44+00:00","dateModified":"2023-06-13T21:39:44+00:00","description":"Fam\u00edlia, conte\u00fados incr\u00edveis para te ajudar na jornada da vida. Tudo sobre a maternidade, relacionamentos, filhos e muito mais.","breadcrumb":{"@id":"http:\/\/universofamilia.com\/el\/curiosidades\/#breadcrumb"},"inLanguage":"ro-RO","potentialAction":[{"@type":"ReadAction","target":["http:\/\/universofamilia.com\/el\/curiosidades\/"]}]},{"@type":"ImageObject","inLanguage":"ro-RO","@id":"http:\/\/universofamilia.com\/el\/curiosidades\/#primaryimage","url":"http:\/\/universofamilia.com\/wp-content\/uploads\/sites\/148\/2024\/01\/P-550x350-3-1.jpg","contentUrl":"http:\/\/universofamilia.com\/wp-content\/uploads\/sites\/148\/2024\/01\/P-550x350-3-1.jpg"},{"@type":"BreadcrumbList","@id":"http:\/\/universofamilia.com\/el\/curiosidades\/#breadcrumb","itemListElement":[{"@type":"ListItem","position":1,"name":"Home","item":"http:\/\/universofamilia.com\/zh_hk\/"},{"@type":"ListItem","position":2,"name":"Curiosidades"}]},{"@type":"WebSite","@id":"http:\/\/universofamilia.com\/zh_hk\/#website","url":"http:\/\/universofamilia.com\/zh_hk\/","name":"Universo Fam\u00edlia","description":"","potentialAction":[{"@type":"SearchAction","target":{"@type":"EntryPoint","urlTemplate":"http:\/\/universofamilia.com\/zh_hk\/?s={search_term_string}"},"query-input":"required name=search_term_string"}],"inLanguage":"ro-RO"}]}},"_links":{"self":[{"href":"http:\/\/universofamilia.com\/ro\/wp-json\/wp\/v2\/pages\/2519"}],"collection":[{"href":"http:\/\/universofamilia.com\/ro\/wp-json\/wp\/v2\/pages"}],"about":[{"href":"http:\/\/universofamilia.com\/ro\/wp-json\/wp\/v2\/types\/page"}],"replies":[{"embeddable":true,"href":"http:\/\/universofamilia.com\/ro\/wp-json\/wp\/v2\/comments?post=2519"}],"version-history":[{"count":0,"href":"http:\/\/universofamilia.com\/ro\/wp-json\/wp\/v2\/pages\/2519\/revisions"}],"wp:attachment":[{"href":"http:\/\/universofamilia.com\/ro\/wp-json\/wp\/v2\/media?parent=2519"}],"curies":[{"name":"wp","href":"https:\/\/api.w.org\/{rel}","templated":true}]}}