{"id":7945,"date":"2023-05-21T23:46:35","date_gmt":"2023-05-21T23:46:35","guid":{"rendered":"https:\/\/universofamilia.com\/?page_id=3"},"modified":"2026-03-18T15:04:39","modified_gmt":"2026-03-18T18:04:39","slug":"politica-de-privacidad","status":"publish","type":"page","link":"https:\/\/universofamilia.com\/hu\/politica-de-privacidad\/","title":{"rendered":"Adatv\u00e9delmi ir\u00e1nyelvek"},"content":{"rendered":"<p>Az \u00d6n adatainak v\u00e9delme fontos sz\u00e1munkra. Az Universo Familia szab\u00e1lyzata szerint tiszteletben tartjuk az \u00d6n adatainak v\u00e9delm\u00e9t minden olyan inform\u00e1ci\u00f3 tekintet\u00e9ben, amelyet az Universo Familia weboldal\u00e1n \u00e9s m\u00e1s, \u00e1ltalunk tulajdonolt \u00e9s \u00fczemeltetett oldalakon gy\u0171jt\u00fcnk \u00d6nr\u0151l.<\/p>\n\n\n\n<p>Szem\u00e9lyes adatokat csak akkor k\u00e9r\u00fcnk, ha val\u00f3ban sz\u00fcks\u00e9g\u00fcnk van r\u00e1juk a szolg\u00e1ltat\u00e1s ny\u00fajt\u00e1s\u00e1hoz. Ezt tisztess\u00e9ges \u00e9s t\u00f6rv\u00e9nyes eszk\u00f6z\u00f6kkel tessz\u00fck, az \u00d6n tudt\u00e1val \u00e9s hozz\u00e1j\u00e1rul\u00e1s\u00e1val. T\u00e1j\u00e9koztatjuk \u00d6nt arr\u00f3l is, hogy mi\u00e9rt gy\u0171jtj\u00fck az adatokat, \u00e9s hogyan fogjuk azokat felhaszn\u00e1lni.<\/p>\n\n\n\n<p>A gy\u0171jt\u00f6tt inform\u00e1ci\u00f3kat csak addig \u0151rizz\u00fck meg, ameddig a k\u00e9rt szolg\u00e1ltat\u00e1s ny\u00fajt\u00e1s\u00e1hoz sz\u00fcks\u00e9ges. Adatt\u00e1rol\u00e1skor kereskedelmi szempontb\u00f3l elfogadhat\u00f3 eszk\u00f6z\u00f6kkel v\u00e9dj\u00fck azokat az elveszt\u00e9ssel \u00e9s ellop\u00e1ssal, valamint a jogosulatlan hozz\u00e1f\u00e9r\u00e9ssel, nyilv\u00e1noss\u00e1gra hozatallal, m\u00e1sol\u00e1s, felhaszn\u00e1l\u00e1ssal vagy m\u00f3dos\u00edt\u00e1ssal szemben.<\/p>\n\n\n\n<p>Szem\u00e9lyazonos\u00edt\u00e1sra alkalmas adatokat nem osztunk meg nyilv\u00e1nosan vagy harmadik felekkel, kiv\u00e9ve, ha azt t\u00f6rv\u00e9ny \u00edrja el\u0151.<\/p>\n\n\n\n<p>Weboldalunk tartalmazhat olyan k\u00fcls\u0151 webhelyekre mutat\u00f3 linkeket, amelyeket nem mi \u00fczemeltet\u00fcnk. Felh\u00edvjuk figyelm\u00e9t, hogy nincs befoly\u00e1sunk ezen webhelyek tartalm\u00e1ra vagy gyakorlat\u00e1ra, \u00e9s nem v\u00e1llalhatunk felel\u0151ss\u00e9get azok adatv\u00e9delmi ir\u00e1nyelvei\u00e9rt.<\/p>\n\n\n\n<p>\u00d6n szabadon elutas\u00edthatja a szem\u00e9lyes adatokra vonatkoz\u00f3 k\u00e9r\u00e9s\u00fcnket, tudom\u00e1sul v\u00e9ve, hogy el\u0151fordulhat, hogy a k\u00edv\u00e1nt szolg\u00e1ltat\u00e1sok egy r\u00e9sz\u00e9t nem tudjuk biztos\u00edtani \u00d6nnek.<\/p>\n\n\n\n<p>Weboldalunk tov\u00e1bbi haszn\u00e1lat\u00e1val elfogadjuk adatv\u00e9delmi \u00e9s szem\u00e9lyesadat-kezel\u00e9si gyakorlatunkat. Ha b\u00e1rmilyen k\u00e9rd\u00e9se van a felhaszn\u00e1l\u00f3i adatok \u00e9s a szem\u00e9lyes inform\u00e1ci\u00f3k kezel\u00e9s\u00e9vel kapcsolatban, k\u00e9rj\u00fck, vegye fel vel\u00fcnk a kapcsolatot.<\/p>\n\n\n\n<p><strong>Az \u00e1ltal\u00e1nos adatv\u00e9delmi t\u00f6rv\u00e9ny (LGPD) betart\u00e1sa<\/strong><\/p>\n\n\n\n<p>A brazil szem\u00e9lyes adatok v\u00e9delm\u00e9r\u0151l sz\u00f3l\u00f3 \u00e1ltal\u00e1nos t\u00f6rv\u00e9nynek (LGPD \u2013 13.709\/2018. sz. t\u00f6rv\u00e9ny) megfelel\u0151en garant\u00e1ljuk, hogy a felhaszn\u00e1l\u00f3k szem\u00e9lyes adatainak feldolgoz\u00e1sa \u00e1tl\u00e1that\u00f3, biztons\u00e1gos m\u00f3don \u00e9s jogos c\u00e9lokra t\u00f6rt\u00e9nik.<\/p>\n\n\n\n<p>A felhaszn\u00e1l\u00f3nak joga van:<\/p>\n\n\n\n<p>Er\u0151s\u00edtse meg adatai feldolgoz\u00e1s\u00e1nak t\u00e9ny\u00e9t<\/p>\n\n\n\n<p>Hozz\u00e1f\u00e9r\u00e9s a szem\u00e9lyes adataihoz<\/p>\n\n\n\n<p>Hi\u00e1nyos, pontatlan vagy elavult adatok jav\u00edt\u00e1sa<\/p>\n\n\n\n<p>K\u00e9rje a felesleges adatok anonimiz\u00e1l\u00e1s\u00e1t, blokkol\u00e1s\u00e1t vagy t\u00f6rl\u00e9s\u00e9t<\/p>\n\n\n\n<p>Adathordozhat\u00f3s\u00e1g k\u00e9r\u00e9se<\/p>\n\n\n\n<p>Hozz\u00e1j\u00e1rul\u00e1s b\u00e1rmikor visszavonhat\u00f3<\/p>\n\n\n\n<p>Inform\u00e1ci\u00f3k arr\u00f3l, hogy kivel osztjuk meg az adatait<\/p>\n\n\n\n<p>Ezen jogok gyakorl\u00e1s\u00e1hoz a felhaszn\u00e1l\u00f3 a weboldalon el\u00e9rhet\u0151 csatorn\u00e1kon kereszt\u00fcl veheti fel vel\u00fcnk a kapcsolatot.<\/p>\n\n\n\n<p>Szem\u00e9lyes adatokat csak akkor kezel\u00fcnk, ha \u00e9rv\u00e9nyes jogalapunk van r\u00e1, p\u00e9ld\u00e1ul a felhaszn\u00e1l\u00f3 hozz\u00e1j\u00e1rul\u00e1sa, jogi k\u00f6telezetts\u00e9gek teljes\u00edt\u00e9se vagy a k\u00e9rt szolg\u00e1ltat\u00e1sok teljes\u00edt\u00e9se, valamint adott esetben jogos \u00e9rdek, \u00e9s tiszteletben tartjuk a felhaszn\u00e1l\u00f3 jogait.<\/p>\n\n\n\n<p><strong>S\u00fctik haszn\u00e1lata<\/strong><\/p>\n\n\n\n<p>S\u00fctiket haszn\u00e1lunk a felhaszn\u00e1l\u00f3i \u00e9lm\u00e9ny jav\u00edt\u00e1sa \u00e9s a szem\u00e9lyre szabott tartalom biztos\u00edt\u00e1sa \u00e9rdek\u00e9ben.<\/p>\n\n\n\n<p>Ezek a s\u00fctik a k\u00f6vetkez\u0151ket tartalmazhatj\u00e1k:<\/p>\n\n\n\n<ul>\n<li>A weboldal m\u0171k\u00f6d\u00e9s\u00e9hez elengedhetetlen s\u00fctik<\/li>\n\n\n\n<li>Analitikai s\u00fctik a felhaszn\u00e1l\u00f3i viselked\u00e9s meg\u00e9rt\u00e9s\u00e9hez<\/li>\n\n\n\n<li>Relev\u00e1ns hirdet\u00e9sek megjelen\u00edt\u00e9s\u00e9hez sz\u00fcks\u00e9ges hirdet\u00e9si s\u00fctik<\/li>\n<\/ul>\n\n\n\n<p>A felhaszn\u00e1l\u00f3 b\u00e1rmikor kezelheti vagy letilthatja a s\u00fctiket a b\u00f6ng\u00e9sz\u0151 be\u00e1ll\u00edt\u00e1saiban.<\/p>\n\n\n\n<p><strong>Google AdSense \u00e9s hirdet\u00e9sek<\/strong><\/p>\n\n\n\n<p>A hirdet\u00e9sek megjelen\u00edt\u00e9s\u00e9hez haszn\u00e1lt Google AdSense szolg\u00e1ltat\u00e1s DoubleClick s\u00fctit haszn\u00e1l, hogy relev\u00e1nsabb hirdet\u00e9seket jelen\u00edtsen meg az interneten, \u00e9s korl\u00e1tozza, hogy h\u00e1nyszor jelenjen meg ugyanaz a hirdet\u00e9s a felhaszn\u00e1l\u00f3nak.<\/p>\n\n\n\n<p>A Google AdSense-szel kapcsolatos tov\u00e1bbi inform\u00e1ci\u00f3k\u00e9rt l\u00e1sd a hivatalos Google AdSense adatv\u00e9delmi GYIK-et.<\/p>\n\n\n\n<p>Hirdet\u00e9seket haszn\u00e1lunk a webhely m\u0171k\u00f6d\u00e9si k\u00f6lts\u00e9geinek ellens\u00falyoz\u00e1s\u00e1ra \u00e9s a j\u00f6v\u0151beli fejleszt\u00e9sek finansz\u00edroz\u00e1s\u00e1ra. A webhelyen haszn\u00e1lt viselked\u00e9salap\u00fa hirdet\u00e9si s\u00fctik c\u00e9lja, hogy a lehet\u0151 legrelev\u00e1nsabb hirdet\u00e9seket kapja az\u00e1ltal, hogy n\u00e9vtelen\u00fcl k\u00f6vetik nyomon \u00e9rdekl\u0151d\u00e9si k\u00f6reit, \u00e9s hasonl\u00f3 tartalmakat jelen\u00edtenek meg, amelyek \u00e9rdekelhetik \u00d6nt.<\/p>\n\n\n\n<p><strong>Nemzetk\u00f6zi adat\u00e1tvitel<\/strong><\/p>\n\n\n\n<p>Szem\u00e9lyes adatok tov\u00e1bb\u00edthat\u00f3k \u00e9s t\u00e1rolhat\u00f3k a felhaszn\u00e1l\u00f3 orsz\u00e1g\u00e1n k\u00edv\u00fcl, bele\u00e9rtve az Egyes\u00fclt \u00c1llamokat is, tal\u00e1lhat\u00f3 szervereken, k\u00fcl\u00f6n\u00f6sen akkor, ha harmadik f\u00e9lt\u0151l sz\u00e1rmaz\u00f3 szolg\u00e1ltat\u00e1sokat, p\u00e9ld\u00e1ul a Google-t haszn\u00e1lunk.<\/p>\n\n\n\n<p>A weboldal haszn\u00e1lat\u00e1val a felhaszn\u00e1l\u00f3 elfogadja ezt az adattov\u00e1bb\u00edt\u00e1st, amely megfelel\u0151 biztons\u00e1gi int\u00e9zked\u00e9sek mellett \u00e9s a vonatkoz\u00f3 jogszab\u00e1lyokkal \u00f6sszhangban t\u00f6rt\u00e9nik.<\/p>\n\n\n\n<p><strong>Le\u00e1nyv\u00e1llalatok \u00e9s harmadik felek<\/strong><\/p>\n\n\n\n<p>Sz\u00e1mos partner hirdet a nev\u00fcnkben, \u00e9s a partneri k\u00f6vet\u0151 s\u00fctik egyszer\u0171en lehet\u0151v\u00e9 teszik sz\u00e1munkra, hogy l\u00e1ssuk, \u00fcgyfeleink valamelyik partner\u00fcnk webhely\u00e9n kereszt\u00fcl jutottak-e el az oldalra, \u00edgy megfelel\u0151en j\u00f3v\u00e1\u00edrhatjuk \u0151ket, \u00e9s adott esetben lehet\u0151v\u00e9 tegy\u00fck partnereink sz\u00e1m\u00e1ra, hogy olyan prom\u00f3ci\u00f3kat k\u00edn\u00e1ljanak, amelyek el\u0151ny\u00f6ket biztos\u00edthatnak \u00d6nnek v\u00e1s\u00e1rl\u00e1skor.<\/p>\n\n\n\n<p><strong>Felhaszn\u00e1l\u00f3i k\u00f6telezetts\u00e9gv\u00e1llal\u00e1s<\/strong><\/p>\n\n\n\n<p>A felhaszn\u00e1l\u00f3 beleegyezik abba, hogy megfelel\u0151en haszn\u00e1lja az Universo Familia \u00e1ltal a weboldalon k\u00edn\u00e1lt tartalmakat \u00e9s inform\u00e1ci\u00f3kat, bele\u00e9rtve, de nem kiz\u00e1r\u00f3lagosan:<\/p>\n\n\n\n<p>A) Nem vesz r\u00e9szt illeg\u00e1lis vagy a j\u00f3hiszem\u0171s\u00e9ggel \u00e9s a k\u00f6zrenddel ellent\u00e9tes tev\u00e9kenys\u00e9gekben<\/p>\n\n\n\n<p>B) Ne terjesszen rasszista, idegengy\u0171l\u00f6l\u0151 jelleg\u0171 propagand\u00e1t vagy tartalmat, szerencsej\u00e1t\u00e9kot, b\u00e1rmilyen illeg\u00e1lis pornogr\u00e1fi\u00e1t, terrorizmus\u00e9rt val\u00f3 menteget\u0151z\u00e9st vagy emberi jogokat s\u00e9rt\u0151 tartalmat.<\/p>\n\n\n\n<p>C) Nem okoz k\u00e1rt az Universo Familia, besz\u00e1ll\u00edt\u00f3i vagy harmadik felek fizikai (hardver) \u00e9s logikai (szoftver) rendszereiben, valamint nem juttat be \u00e9s nem terjeszt sz\u00e1m\u00edt\u00f3g\u00e9pes v\u00edrusokat vagy b\u00e1rmely m\u00e1s olyan rendszert, amely k\u00e1rt okozhat.<\/p>\n\n\n\n<p><strong>Tov\u00e1bbi inform\u00e1ci\u00f3k<\/strong><\/p>\n\n\n\n<p>Rem\u00e9lj\u00fck, hogy ez vil\u00e1gos, \u00e9s ahogy kor\u00e1bban eml\u00edtett\u00fck, ha b\u00e1rmiben bizonytalan, \u00e1ltal\u00e1ban biztons\u00e1gosabb enged\u00e9lyezve hagyni a s\u00fctiket, arra az esetre, ha a webhely\u00fcnk\u00f6n haszn\u00e1lt funkci\u00f3kkal kapcsolatba l\u00e9p.<\/p>\n\n\n\n<p><strong>Lej\u00e1rati id\u0151<\/strong><\/p>\n\n\n\n<p>Ez a szab\u00e1lyzat ett\u0151l az id\u0151pontt\u00f3l \u00e9rv\u00e9nyes <strong>2026. m\u00e1rcius 18., 17:53<\/strong>.<\/p>","protected":false},"excerpt":{"rendered":"<p>Tu privacidad es importante para nosotros. Es pol\u00edtica de Universo Familia respetar tu privacidad en relaci\u00f3n con cualquier informaci\u00f3n tuya que podamos recopilar en el sitio web Universo Familia y en otros sitios que poseemos y operamos. Solicitamos informaci\u00f3n personal \u00fanicamente cuando realmente la necesitamos para brindarte un servicio. Lo hacemos por medios justos y [&hellip;]<\/p>","protected":false},"author":139,"featured_media":0,"parent":0,"menu_order":0,"comment_status":"closed","ping_status":"closed","template":"page-nosidebar.php","meta":{"footnotes":""},"yoast_head":"<!-- This site is optimized with the Yoast SEO plugin v23.3 - https:\/\/yoast.com\/wordpress\/plugins\/seo\/ -->\n<title>Pol\u00edtica de Privacidad - Universo Fam\u00edlia<\/title>\n<meta name=\"description\" content=\"Pol\u00edtica Privacidade\" \/>\n<meta name=\"robots\" content=\"index, follow, max-snippet:-1, max-image-preview:large, max-video-preview:-1\" \/>\n<link rel=\"canonical\" href=\"https:\/\/universofamilia.com\/hu\/politica-de-privacidad\/\" \/>\n<meta property=\"og:locale\" content=\"hu_HU\" \/>\n<meta property=\"og:type\" content=\"article\" \/>\n<meta property=\"og:title\" content=\"Pol\u00edtica de Privacidad - Universo Fam\u00edlia\" \/>\n<meta property=\"og:description\" content=\"Pol\u00edtica Privacidade\" \/>\n<meta property=\"og:url\" content=\"https:\/\/universofamilia.com\/hu\/politica-de-privacidad\/\" \/>\n<meta property=\"og:site_name\" content=\"Universo Fam\u00edlia\" \/>\n<meta property=\"article:modified_time\" content=\"2026-03-18T18:04:39+00:00\" \/>\n<meta name=\"twitter:card\" content=\"summary_large_image\" \/>\n<meta name=\"twitter:label1\" content=\"Est. reading time\" \/>\n\t<meta name=\"twitter:data1\" content=\"5 perc\" \/>\n<script type=\"application\/ld+json\" class=\"yoast-schema-graph\">{\"@context\":\"https:\/\/schema.org\",\"@graph\":[{\"@type\":\"WebPage\",\"@id\":\"https:\/\/universofamilia.com\/politica-de-privacidad\/\",\"url\":\"https:\/\/universofamilia.com\/politica-de-privacidad\/\",\"name\":\"Pol\u00edtica de Privacidad - Universo Fam\u00edlia\",\"isPartOf\":{\"@id\":\"https:\/\/universofamilia.com\/el\/#website\"},\"datePublished\":\"2023-05-21T23:46:35+00:00\",\"dateModified\":\"2026-03-18T18:04:39+00:00\",\"description\":\"Pol\u00edtica Privacidade\",\"breadcrumb\":{\"@id\":\"https:\/\/universofamilia.com\/politica-de-privacidad\/#breadcrumb\"},\"inLanguage\":\"hu\",\"potentialAction\":[{\"@type\":\"ReadAction\",\"target\":[\"https:\/\/universofamilia.com\/politica-de-privacidad\/\"]}]},{\"@type\":\"BreadcrumbList\",\"@id\":\"https:\/\/universofamilia.com\/politica-de-privacidad\/#breadcrumb\",\"itemListElement\":[{\"@type\":\"ListItem\",\"position\":1,\"name\":\"Home\",\"item\":\"https:\/\/universofamilia.com\/el\/\"},{\"@type\":\"ListItem\",\"position\":2,\"name\":\"Pol\u00edtica de Privacidad\"}]},{\"@type\":\"WebSite\",\"@id\":\"https:\/\/universofamilia.com\/el\/#website\",\"url\":\"https:\/\/universofamilia.com\/el\/\",\"name\":\"Universo Fam\u00edlia\",\"description\":\"\",\"potentialAction\":[{\"@type\":\"SearchAction\",\"target\":{\"@type\":\"EntryPoint\",\"urlTemplate\":\"https:\/\/universofamilia.com\/el\/?s={search_term_string}\"},\"query-input\":\"required name=search_term_string\"}],\"inLanguage\":\"hu\"}]}<\/script>\n<!-- \/ Yoast SEO plugin. -->","yoast_head_json":{"title":"Pol\u00edtica de Privacidad - Universo Fam\u00edlia","description":"Pol\u00edtica Privacidade","robots":{"index":"index","follow":"follow","max-snippet":"max-snippet:-1","max-image-preview":"max-image-preview:large","max-video-preview":"max-video-preview:-1"},"canonical":"https:\/\/universofamilia.com\/hu\/politica-de-privacidad\/","og_locale":"hu_HU","og_type":"article","og_title":"Pol\u00edtica de Privacidad - Universo Fam\u00edlia","og_description":"Pol\u00edtica Privacidade","og_url":"https:\/\/universofamilia.com\/hu\/politica-de-privacidad\/","og_site_name":"Universo Fam\u00edlia","article_modified_time":"2026-03-18T18:04:39+00:00","twitter_card":"summary_large_image","twitter_misc":{"Est. reading time":"5 perc"},"schema":{"@context":"https:\/\/schema.org","@graph":[{"@type":"WebPage","@id":"https:\/\/universofamilia.com\/politica-de-privacidad\/","url":"https:\/\/universofamilia.com\/politica-de-privacidad\/","name":"Pol\u00edtica de Privacidad - Universo Fam\u00edlia","isPartOf":{"@id":"https:\/\/universofamilia.com\/el\/#website"},"datePublished":"2023-05-21T23:46:35+00:00","dateModified":"2026-03-18T18:04:39+00:00","description":"Pol\u00edtica Privacidade","breadcrumb":{"@id":"https:\/\/universofamilia.com\/politica-de-privacidad\/#breadcrumb"},"inLanguage":"hu","potentialAction":[{"@type":"ReadAction","target":["https:\/\/universofamilia.com\/politica-de-privacidad\/"]}]},{"@type":"BreadcrumbList","@id":"https:\/\/universofamilia.com\/politica-de-privacidad\/#breadcrumb","itemListElement":[{"@type":"ListItem","position":1,"name":"Home","item":"https:\/\/universofamilia.com\/el\/"},{"@type":"ListItem","position":2,"name":"Pol\u00edtica de Privacidad"}]},{"@type":"WebSite","@id":"https:\/\/universofamilia.com\/el\/#website","url":"https:\/\/universofamilia.com\/el\/","name":"Universo Fam\u00edlia","description":"","potentialAction":[{"@type":"SearchAction","target":{"@type":"EntryPoint","urlTemplate":"https:\/\/universofamilia.com\/el\/?s={search_term_string}"},"query-input":"required name=search_term_string"}],"inLanguage":"hu"}]}},"_links":{"self":[{"href":"https:\/\/universofamilia.com\/hu\/wp-json\/wp\/v2\/pages\/7945"}],"collection":[{"href":"https:\/\/universofamilia.com\/hu\/wp-json\/wp\/v2\/pages"}],"about":[{"href":"https:\/\/universofamilia.com\/hu\/wp-json\/wp\/v2\/types\/page"}],"author":[{"embeddable":true,"href":"https:\/\/universofamilia.com\/hu\/wp-json\/wp\/v2\/users\/139"}],"replies":[{"embeddable":true,"href":"https:\/\/universofamilia.com\/hu\/wp-json\/wp\/v2\/comments?post=7945"}],"version-history":[{"count":5,"href":"https:\/\/universofamilia.com\/hu\/wp-json\/wp\/v2\/pages\/7945\/revisions"}],"predecessor-version":[{"id":10548,"href":"https:\/\/universofamilia.com\/hu\/wp-json\/wp\/v2\/pages\/7945\/revisions\/10548"}],"wp:attachment":[{"href":"https:\/\/universofamilia.com\/hu\/wp-json\/wp\/v2\/media?parent=7945"}],"curies":[{"name":"wp","href":"https:\/\/api.w.org\/{rel}","templated":true}]}}